{"id":439,"date":"2023-08-17T08:02:28","date_gmt":"2023-08-17T11:02:28","guid":{"rendered":"https:\/\/demosites.royal-elementor-addons.com\/nature-v2\/?page_id=6"},"modified":"2025-07-24T19:59:02","modified_gmt":"2025-07-24T22:59:02","slug":"home-nature-v2","status":"publish","type":"page","link":"https:\/\/race.cr2.cl\/","title":{"rendered":"Home"},"content":{"rendered":"\t\t<div data-elementor-type=\"wp-page\" data-elementor-id=\"439\" class=\"elementor elementor-439\">\n\t\t\t\t\t\t<section class=\"elementor-section elementor-top-section elementor-element elementor-element-44827ed elementor-section-height-min-height elementor-section-boxed elementor-section-height-default elementor-section-items-middle wpr-particle-no wpr-jarallax-no wpr-parallax-no wpr-sticky-section-no\" data-id=\"44827ed\" data-element_type=\"section\" data-settings=\"{&quot;background_background&quot;:&quot;video&quot;,&quot;background_video_link&quot;:&quot;https:\\\/\\\/trimage.cl\\\/inicio\\\/portada.mp4&quot;}\">\n\t\t\t\t\t\t\t\t<div class=\"elementor-background-video-container elementor-hidden-mobile\" aria-hidden=\"true\">\n\t\t\t\t\t\t\t\t\t\t\t\t\t<video class=\"elementor-background-video-hosted\" autoplay muted playsinline loop><\/video>\n\t\t\t\t\t\t\t\t\t\t\t<\/div>\n\t\t\t\t\t\t\t\t\t<div class=\"elementor-background-overlay\"><\/div>\n\t\t\t\t\t\t\t<div class=\"elementor-container elementor-column-gap-default\">\n\t\t\t\t\t<div class=\"elementor-column elementor-col-100 elementor-top-column elementor-element elementor-element-d3d9ca1\" data-id=\"d3d9ca1\" data-element_type=\"column\">\n\t\t\t<div class=\"elementor-widget-wrap elementor-element-populated\">\n\t\t\t\t\t\t<div class=\"elementor-element elementor-element-35acd3c elementor-widget elementor-widget-heading\" data-id=\"35acd3c\" data-element_type=\"widget\" data-widget_type=\"heading.default\">\n\t\t\t\t<div class=\"elementor-widget-container\">\n\t\t\t\t\t<h2 class=\"elementor-heading-title elementor-size-default\">PROYECTO RACE TO RESILIENCE JUNTO AL CENTRO DE CIENCIA DEL CLIMA Y LA RESILIENCIA CR2<\/h2>\t\t\t\t<\/div>\n\t\t\t\t<\/div>\n\t\t\t\t<div class=\"elementor-element elementor-element-a45ae29 elementor-hidden-mobile elementor-hidden-tablet wpr-advanced-text-style-animated wpr-fancy-text-typing wpr-animated-text-infinite-yes elementor-widget elementor-widget-wpr-advanced-text\" data-id=\"a45ae29\" data-element_type=\"widget\" data-settings=\"{&quot;anim_loop&quot;:&quot;yes&quot;}\" data-widget_type=\"wpr-advanced-text.default\">\n\t\t\t\t<div class=\"elementor-widget-container\">\n\t\t\t\t\t\n\t\t<h3 class=\"wpr-advanced-text\">\n\n\t\t\t\t\t\n\t\t\t\t\t\t\t<span class=\"wpr-advanced-text-preffix\">Forjando resiliencia<br><\/span>\n\t\t\t\n\t\t<span class=\"wpr-anim-text wpr-anim-text-type-typing wpr-anim-text-letters\" data-anim-duration=\"150,2000\" data-anim-loop=\"yes\">\n\t\t\t<span class=\"wpr-anim-text-inner\">\n\t\t\t\t\t\t\t\t\t<b>para 4 mil millones de personas<\/b>\n\t\t\t\t\t\t\t\t\t<b>para  el a\u00f1o 2030<\/b>\n\t\t\t\t\t\t\t<\/span>\n\t\t\t<span class=\"wpr-anim-text-cursor\">|<\/span>\t\t<\/span>\n\n\t\t\t\t\n\t\t<\/h3>\n\t\t\n\t\t\t\t\t\t<\/div>\n\t\t\t\t<\/div>\n\t\t\t\t\t<\/div>\n\t\t<\/div>\n\t\t\t\t\t<\/div>\n\t\t<\/section>\n\t\t\t\t<section class=\"elementor-section elementor-top-section elementor-element elementor-element-8230000 elementor-section-boxed elementor-section-height-default elementor-section-height-default wpr-particle-no wpr-jarallax-no wpr-parallax-no wpr-sticky-section-no\" data-id=\"8230000\" data-element_type=\"section\">\n\t\t\t\t\t\t<div class=\"elementor-container elementor-column-gap-default\">\n\t\t\t\t\t<div class=\"elementor-column elementor-col-100 elementor-top-column elementor-element elementor-element-9a4d2a9\" data-id=\"9a4d2a9\" data-element_type=\"column\">\n\t\t\t<div class=\"elementor-widget-wrap elementor-element-populated\">\n\t\t\t\t\t\t<div class=\"elementor-element elementor-element-96b4651 elementor-widget elementor-widget-heading\" data-id=\"96b4651\" data-element_type=\"widget\" data-widget_type=\"heading.default\">\n\t\t\t\t<div class=\"elementor-widget-container\">\n\t\t\t\t\t<h2 class=\"elementor-heading-title elementor-size-default\">Descripci\u00f3n<\/h2>\t\t\t\t<\/div>\n\t\t\t\t<\/div>\n\t\t\t\t<div class=\"elementor-element elementor-element-8084f11 elementor-widget-divider--view-line elementor-widget elementor-widget-divider\" data-id=\"8084f11\" data-element_type=\"widget\" data-widget_type=\"divider.default\">\n\t\t\t\t<div class=\"elementor-widget-container\">\n\t\t\t\t\t\t\t<div class=\"elementor-divider\">\n\t\t\t<span class=\"elementor-divider-separator\">\n\t\t\t\t\t\t<\/span>\n\t\t<\/div>\n\t\t\t\t\t\t<\/div>\n\t\t\t\t<\/div>\n\t\t\t\t<section class=\"elementor-section elementor-inner-section elementor-element elementor-element-9415350 elementor-section-boxed elementor-section-height-default elementor-section-height-default wpr-particle-no wpr-jarallax-no wpr-parallax-no wpr-sticky-section-no\" data-id=\"9415350\" data-element_type=\"section\">\n\t\t\t\t\t\t<div class=\"elementor-container elementor-column-gap-wider\">\n\t\t\t\t\t<div class=\"elementor-column elementor-col-50 elementor-inner-column elementor-element elementor-element-2b5de67\" data-id=\"2b5de67\" data-element_type=\"column\">\n\t\t\t<div class=\"elementor-widget-wrap elementor-element-populated\">\n\t\t\t\t\t\t<div class=\"elementor-element elementor-element-0191c77 elementor-widget elementor-widget-text-editor\" data-id=\"0191c77\" data-element_type=\"widget\" data-widget_type=\"text-editor.default\">\n\t\t\t\t<div class=\"elementor-widget-container\">\n\t\t\t\t\t\t\t\t\t<p>Race to Resilience, campa\u00f1a hermana de Race to Zero, fue lanzada por los High-Level Climate Champions de Naciones Unidas en la Cumbre de Adaptaci\u00f3n Clim\u00e1tica de 2021 para <strong>reunir a actores no estatales, inversores, empresas, ciudades, regiones y la sociedad civil<\/strong> con el objetivo de aumentar la resiliencia de 4 mil millones personas vulnerables a la crisis clim\u00e1tica a nivel mundial para el a\u00f1o 2030.<\/p><p>La campa\u00f1a propone\u00a0<strong>catalizar un cambio radical<\/strong>\u00a0en la ambici\u00f3n global, poniendo a las personas y la naturaleza primero en la b\u00fasqueda de un mundo resiliente a la crisis clim\u00e1tica.<\/p>\t\t\t\t\t\t\t\t<\/div>\n\t\t\t\t<\/div>\n\t\t\t\t\t<\/div>\n\t\t<\/div>\n\t\t\t\t<div class=\"elementor-column elementor-col-50 elementor-inner-column elementor-element elementor-element-36b0b63\" data-id=\"36b0b63\" data-element_type=\"column\">\n\t\t\t<div class=\"elementor-widget-wrap elementor-element-populated\">\n\t\t\t\t\t\t<div class=\"elementor-element elementor-element-c8f343f elementor-widget elementor-widget-text-editor\" data-id=\"c8f343f\" data-element_type=\"widget\" data-widget_type=\"text-editor.default\">\n\t\t\t\t<div class=\"elementor-widget-container\">\n\t\t\t\t\t\t\t\t\t<p><span style=\"font-size: 1rem;\">A trav\u00e9s de una asociaci\u00f3n de iniciativas, Race to Resilience se enfoca en ayudar a las comunidades a construir resiliencia y adaptarse a los impactos del cambio clim\u00e1tico, como el calor extremo, la sequ\u00eda, las inundaciones y el aumento del nivel del mar.<\/span><\/p><p>El a\u00f1o 2021, el CR2 asume la<strong> secretar\u00eda t\u00e9cnica de esta campa\u00f1a.\u00a0<\/strong><\/p>\t\t\t\t\t\t\t\t<\/div>\n\t\t\t\t<\/div>\n\t\t\t\t\t<\/div>\n\t\t<\/div>\n\t\t\t\t\t<\/div>\n\t\t<\/section>\n\t\t\t\t\t<\/div>\n\t\t<\/div>\n\t\t\t\t\t<\/div>\n\t\t<\/section>\n\t\t\t\t<section class=\"elementor-section elementor-top-section elementor-element elementor-element-b854653 elementor-section-boxed elementor-section-height-default elementor-section-height-default wpr-particle-no wpr-jarallax-no wpr-parallax-no wpr-sticky-section-no\" data-id=\"b854653\" data-element_type=\"section\" id=\"secretaria\" data-settings=\"{&quot;background_background&quot;:&quot;classic&quot;}\">\n\t\t\t\t\t\t<div class=\"elementor-container elementor-column-gap-default\">\n\t\t\t\t\t<div class=\"elementor-column elementor-col-100 elementor-top-column elementor-element elementor-element-4f2f98e\" data-id=\"4f2f98e\" data-element_type=\"column\">\n\t\t\t<div class=\"elementor-widget-wrap elementor-element-populated\">\n\t\t\t\t\t\t<div class=\"elementor-element elementor-element-c941227 elementor-widget elementor-widget-heading\" data-id=\"c941227\" data-element_type=\"widget\" data-widget_type=\"heading.default\">\n\t\t\t\t<div class=\"elementor-widget-container\">\n\t\t\t\t\t<h2 class=\"elementor-heading-title elementor-size-default\">Secretar\u00eda t\u00e9cnica<\/h2>\t\t\t\t<\/div>\n\t\t\t\t<\/div>\n\t\t\t\t<div class=\"elementor-element elementor-element-337bbb6 elementor-widget-divider--view-line elementor-widget elementor-widget-divider\" data-id=\"337bbb6\" data-element_type=\"widget\" data-widget_type=\"divider.default\">\n\t\t\t\t<div class=\"elementor-widget-container\">\n\t\t\t\t\t\t\t<div class=\"elementor-divider\">\n\t\t\t<span class=\"elementor-divider-separator\">\n\t\t\t\t\t\t<\/span>\n\t\t<\/div>\n\t\t\t\t\t\t<\/div>\n\t\t\t\t<\/div>\n\t\t\t\t<div class=\"elementor-element elementor-element-bef725d elementor-widget elementor-widget-text-editor\" data-id=\"bef725d\" data-element_type=\"widget\" data-widget_type=\"text-editor.default\">\n\t\t\t\t<div class=\"elementor-widget-container\">\n\t\t\t\t\t\t\t\t\t<p style=\"text-align: center;\">La secretar\u00eda t\u00e9cnica es un \u00f3rgano aut\u00f3nomo, parte integral de Race to Resilience, que desempe\u00f1a los siguientes roles y funciones:<\/p>\t\t\t\t\t\t\t\t<\/div>\n\t\t\t\t<\/div>\n\t\t\t\t<section class=\"elementor-section elementor-inner-section elementor-element elementor-element-cf88b46 elementor-section-boxed elementor-section-height-default elementor-section-height-default wpr-particle-no wpr-jarallax-no wpr-parallax-no wpr-sticky-section-no\" data-id=\"cf88b46\" data-element_type=\"section\">\n\t\t\t\t\t\t<div class=\"elementor-container elementor-column-gap-wider\">\n\t\t\t\t\t<div class=\"elementor-column elementor-col-50 elementor-inner-column elementor-element elementor-element-31cca79\" data-id=\"31cca79\" data-element_type=\"column\">\n\t\t\t<div class=\"elementor-widget-wrap elementor-element-populated\">\n\t\t\t\t\t\t<div class=\"elementor-element elementor-element-9dd8ba9 elementor-icon-list--layout-traditional elementor-list-item-link-full_width elementor-widget elementor-widget-icon-list\" data-id=\"9dd8ba9\" data-element_type=\"widget\" data-widget_type=\"icon-list.default\">\n\t\t\t\t<div class=\"elementor-widget-container\">\n\t\t\t\t\t\t\t<ul class=\"elementor-icon-list-items\">\n\t\t\t\t\t\t\t<li class=\"elementor-icon-list-item\">\n\t\t\t\t\t\t\t\t\t\t\t<span class=\"elementor-icon-list-icon\">\n\t\t\t\t\t\t\t<svg aria-hidden=\"true\" class=\"e-font-icon-svg e-fas-check\" viewBox=\"0 0 512 512\" xmlns=\"http:\/\/www.w3.org\/2000\/svg\"><path d=\"M173.898 439.404l-166.4-166.4c-9.997-9.997-9.997-26.206 0-36.204l36.203-36.204c9.997-9.998 26.207-9.998 36.204 0L192 312.69 432.095 72.596c9.997-9.997 26.207-9.997 36.204 0l36.203 36.204c9.997 9.997 9.997 26.206 0 36.204l-294.4 294.401c-9.998 9.997-26.207 9.997-36.204-.001z\"><\/path><\/svg>\t\t\t\t\t\t<\/span>\n\t\t\t\t\t\t\t\t\t\t<span class=\"elementor-icon-list-text\">Brindar asesoramiento estrat\u00e9gico, cient\u00edfico y t\u00e9cnico sobre el seguimiento, la evaluaci\u00f3n y la medici\u00f3n del aumento de la resiliencia. <\/span>\n\t\t\t\t\t\t\t\t\t<\/li>\n\t\t\t\t\t\t\t\t<li class=\"elementor-icon-list-item\">\n\t\t\t\t\t\t\t\t\t\t\t<span class=\"elementor-icon-list-icon\">\n\t\t\t\t\t\t\t<svg aria-hidden=\"true\" class=\"e-font-icon-svg e-fas-check\" viewBox=\"0 0 512 512\" xmlns=\"http:\/\/www.w3.org\/2000\/svg\"><path d=\"M173.898 439.404l-166.4-166.4c-9.997-9.997-9.997-26.206 0-36.204l36.203-36.204c9.997-9.998 26.207-9.998 36.204 0L192 312.69 432.095 72.596c9.997-9.997 26.207-9.997 36.204 0l36.203 36.204c9.997 9.997 9.997 26.206 0 36.204l-294.4 294.401c-9.998 9.997-26.207 9.997-36.204-.001z\"><\/path><\/svg>\t\t\t\t\t\t<\/span>\n\t\t\t\t\t\t\t\t\t\t<span class=\"elementor-icon-list-text\">Ser la secretar\u00eda t\u00e9cnica del Grupo Asesor de la campa\u00f1a que est\u00e1 compuesto por el Grupo de Revisi\u00f3n de Expertos y del Grupo de Asesoramiento Metodol\u00f3gico. <\/span>\n\t\t\t\t\t\t\t\t\t<\/li>\n\t\t\t\t\t\t<\/ul>\n\t\t\t\t\t\t<\/div>\n\t\t\t\t<\/div>\n\t\t\t\t\t<\/div>\n\t\t<\/div>\n\t\t\t\t<div class=\"elementor-column elementor-col-50 elementor-inner-column elementor-element elementor-element-0ec57ec\" data-id=\"0ec57ec\" data-element_type=\"column\">\n\t\t\t<div class=\"elementor-widget-wrap elementor-element-populated\">\n\t\t\t\t\t\t<div class=\"elementor-element elementor-element-66fe8bf elementor-icon-list--layout-traditional elementor-list-item-link-full_width elementor-widget elementor-widget-icon-list\" data-id=\"66fe8bf\" data-element_type=\"widget\" data-widget_type=\"icon-list.default\">\n\t\t\t\t<div class=\"elementor-widget-container\">\n\t\t\t\t\t\t\t<ul class=\"elementor-icon-list-items\">\n\t\t\t\t\t\t\t<li class=\"elementor-icon-list-item\">\n\t\t\t\t\t\t\t\t\t\t\t<span class=\"elementor-icon-list-icon\">\n\t\t\t\t\t\t\t<svg aria-hidden=\"true\" class=\"e-font-icon-svg e-fas-check\" viewBox=\"0 0 512 512\" xmlns=\"http:\/\/www.w3.org\/2000\/svg\"><path d=\"M173.898 439.404l-166.4-166.4c-9.997-9.997-9.997-26.206 0-36.204l36.203-36.204c9.997-9.998 26.207-9.998 36.204 0L192 312.69 432.095 72.596c9.997-9.997 26.207-9.997 36.204 0l36.203 36.204c9.997 9.997 9.997 26.206 0 36.204l-294.4 294.401c-9.998 9.997-26.207 9.997-36.204-.001z\"><\/path><\/svg>\t\t\t\t\t\t<\/span>\n\t\t\t\t\t\t\t\t\t\t<span class=\"elementor-icon-list-text\">Garantizar la credibilidad, la transparencia y la solidez de los compromisos de la campa\u00f1a Race to Resilience y sus socios. <\/span>\n\t\t\t\t\t\t\t\t\t<\/li>\n\t\t\t\t\t\t\t\t<li class=\"elementor-icon-list-item\">\n\t\t\t\t\t\t\t\t\t\t\t<span class=\"elementor-icon-list-icon\">\n\t\t\t\t\t\t\t<svg aria-hidden=\"true\" class=\"e-font-icon-svg e-fas-check\" viewBox=\"0 0 512 512\" xmlns=\"http:\/\/www.w3.org\/2000\/svg\"><path d=\"M173.898 439.404l-166.4-166.4c-9.997-9.997-9.997-26.206 0-36.204l36.203-36.204c9.997-9.998 26.207-9.998 36.204 0L192 312.69 432.095 72.596c9.997-9.997 26.207-9.997 36.204 0l36.203 36.204c9.997 9.997 9.997 26.206 0 36.204l-294.4 294.401c-9.998 9.997-26.207 9.997-36.204-.001z\"><\/path><\/svg>\t\t\t\t\t\t<\/span>\n\t\t\t\t\t\t\t\t\t\t<span class=\"elementor-icon-list-text\">Velar que el proceso sea transparente.<\/span>\n\t\t\t\t\t\t\t\t\t<\/li>\n\t\t\t\t\t\t<\/ul>\n\t\t\t\t\t\t<\/div>\n\t\t\t\t<\/div>\n\t\t\t\t\t<\/div>\n\t\t<\/div>\n\t\t\t\t\t<\/div>\n\t\t<\/section>\n\t\t\t\t\t<\/div>\n\t\t<\/div>\n\t\t\t\t\t<\/div>\n\t\t<\/section>\n\t\t\t\t<section class=\"elementor-section elementor-top-section elementor-element elementor-element-b6eb62c elementor-section-boxed elementor-section-height-default elementor-section-height-default wpr-particle-no wpr-jarallax-no wpr-parallax-no wpr-sticky-section-no\" data-id=\"b6eb62c\" data-element_type=\"section\" data-settings=\"{&quot;background_background&quot;:&quot;classic&quot;}\">\n\t\t\t\t\t\t<div class=\"elementor-container elementor-column-gap-default\">\n\t\t\t\t\t<div class=\"elementor-column elementor-col-100 elementor-top-column elementor-element elementor-element-fc9e69a\" data-id=\"fc9e69a\" data-element_type=\"column\">\n\t\t\t<div class=\"elementor-widget-wrap elementor-element-populated\">\n\t\t\t\t\t\t<div class=\"elementor-element elementor-element-e8fc4f4 elementor-widget elementor-widget-heading\" data-id=\"e8fc4f4\" data-element_type=\"widget\" data-widget_type=\"heading.default\">\n\t\t\t\t<div class=\"elementor-widget-container\">\n\t\t\t\t\t<h2 class=\"elementor-heading-title elementor-size-default\">Equipo secretar\u00eda t\u00e9cnica<\/h2>\t\t\t\t<\/div>\n\t\t\t\t<\/div>\n\t\t\t\t<div class=\"elementor-element elementor-element-f7cc5bc elementor-widget-divider--view-line elementor-widget elementor-widget-divider\" data-id=\"f7cc5bc\" data-element_type=\"widget\" data-widget_type=\"divider.default\">\n\t\t\t\t<div class=\"elementor-widget-container\">\n\t\t\t\t\t\t\t<div class=\"elementor-divider\">\n\t\t\t<span class=\"elementor-divider-separator\">\n\t\t\t\t\t\t<\/span>\n\t\t<\/div>\n\t\t\t\t\t\t<\/div>\n\t\t\t\t<\/div>\n\t\t\t\t<section class=\"elementor-section elementor-inner-section elementor-element elementor-element-9205834 elementor-section-boxed elementor-section-height-default elementor-section-height-default wpr-particle-no wpr-jarallax-no wpr-parallax-no wpr-sticky-section-no\" data-id=\"9205834\" data-element_type=\"section\">\n\t\t\t\t\t\t<div class=\"elementor-container elementor-column-gap-wider\">\n\t\t\t\t\t<div class=\"elementor-column elementor-col-25 elementor-inner-column elementor-element elementor-element-5dea4c1\" data-id=\"5dea4c1\" data-element_type=\"column\">\n\t\t\t<div class=\"elementor-widget-wrap elementor-element-populated\">\n\t\t\t\t\t\t<div class=\"elementor-element elementor-element-44c7b56 elementor-widget elementor-widget-image\" data-id=\"44c7b56\" data-element_type=\"widget\" data-widget_type=\"image.default\">\n\t\t\t\t<div class=\"elementor-widget-container\">\n\t\t\t\t\t\t\t\t\t\t\t\t\t\t\t<img decoding=\"async\" width=\"200\" height=\"230\" src=\"https:\/\/race.cr2.cl\/wp-content\/uploads\/2024\/08\/Marco_Billi200.jpg\" class=\"attachment-large size-large wp-image-757\" alt=\"\" \/>\t\t\t\t\t\t\t\t\t\t\t\t\t\t\t<\/div>\n\t\t\t\t<\/div>\n\t\t\t\t<div class=\"elementor-element elementor-element-14bfb99 elementor-widget elementor-widget-text-editor\" data-id=\"14bfb99\" data-element_type=\"widget\" data-widget_type=\"text-editor.default\">\n\t\t\t\t<div class=\"elementor-widget-container\">\n\t\t\t\t\t\t\t\t\t<p>L\u00edder de la Secretar\u00eda T\u00e9cnica<\/p>\t\t\t\t\t\t\t\t<\/div>\n\t\t\t\t<\/div>\n\t\t\t\t<div class=\"elementor-element elementor-element-2f2782f elementor-widget elementor-widget-toggle\" data-id=\"2f2782f\" data-element_type=\"widget\" data-widget_type=\"toggle.default\">\n\t\t\t\t<div class=\"elementor-widget-container\">\n\t\t\t\t\t\t\t<div class=\"elementor-toggle\">\n\t\t\t\t\t\t\t<div class=\"elementor-toggle-item\">\n\t\t\t\t\t<div id=\"elementor-tab-title-4941\" class=\"elementor-tab-title\" data-tab=\"1\" role=\"button\" aria-controls=\"elementor-tab-content-4941\" aria-expanded=\"false\">\n\t\t\t\t\t\t\t\t\t\t\t\t<span class=\"elementor-toggle-icon elementor-toggle-icon-left\" aria-hidden=\"true\">\n\t\t\t\t\t\t\t\t\t\t\t\t\t\t\t<span class=\"elementor-toggle-icon-closed\"><svg class=\"e-font-icon-svg e-fas-caret-right\" viewBox=\"0 0 192 512\" xmlns=\"http:\/\/www.w3.org\/2000\/svg\"><path d=\"M0 384.662V127.338c0-17.818 21.543-26.741 34.142-14.142l128.662 128.662c7.81 7.81 7.81 20.474 0 28.284L34.142 398.804C21.543 411.404 0 402.48 0 384.662z\"><\/path><\/svg><\/span>\n\t\t\t\t\t\t\t\t<span class=\"elementor-toggle-icon-opened\"><svg class=\"elementor-toggle-icon-opened e-font-icon-svg e-fas-caret-up\" viewBox=\"0 0 320 512\" xmlns=\"http:\/\/www.w3.org\/2000\/svg\"><path d=\"M288.662 352H31.338c-17.818 0-26.741-21.543-14.142-34.142l128.662-128.662c7.81-7.81 20.474-7.81 28.284 0l128.662 128.662c12.6 12.599 3.676 34.142-14.142 34.142z\"><\/path><\/svg><\/span>\n\t\t\t\t\t\t\t\t\t\t\t\t\t<\/span>\n\t\t\t\t\t\t\t\t\t\t\t\t<a class=\"elementor-toggle-title\" tabindex=\"0\">Marco Billi<\/a>\n\t\t\t\t\t<\/div>\n\n\t\t\t\t\t<div id=\"elementor-tab-content-4941\" class=\"elementor-tab-content elementor-clearfix\" data-tab=\"1\" role=\"region\" aria-labelledby=\"elementor-tab-title-4941\"><p>Marco Billi es profesor en el Departamento de Gesti\u00f3n Rural e Innovaci\u00f3n de la Facultad de Ciencias Agron\u00f3micas de la Universidad de Chile. Tiene una licenciatura y una maestr\u00eda en Econom\u00eda de la Universit\u00e1 Commerciale Luigi Bocconi, Italia, y un mag\u00edster en An\u00e1lisis Sist\u00e9mico Aplicado a la Sociedad por la Universidad de Chile. Obtuvo su doctorado en Procesos e Instituciones Pol\u00edticas en la Universidad Adolfo Ib\u00e1\u00f1ez, Chile. Es un investigador interdisciplinario con experiencia tanto en investigaci\u00f3n acad\u00e9mica como en consultor\u00eda en Chile, Am\u00e9rica Latina y Europa. Es investigador en el Centro de Ciencia del Clima y la Resiliencia CR2, Chile, y actualmente es el L\u00edder T\u00e9cnico de la Secretar\u00eda T\u00e9cnica de la campa\u00f1a Race to Resilience, alojada en el CR2. Su investigaci\u00f3n se centra en el an\u00e1lisis de riesgos, la construcci\u00f3n de resiliencia, la gobernanza y la interfaz ciencia-pol\u00edtica, con un enfoque particular en el cambio clim\u00e1tico y la seguridad h\u00eddrica, energ\u00e9tica y alimentaria. Fue autor colaborador de la 4\u00aa Comunicaci\u00f3n Nacional de Chile para la CMNUCC y revisor experto del informe del IPCC \u201cCambio Clim\u00e1tico 2022: Impactos, Adaptaci\u00f3n y Vulnerabilidad\u201d.<\/p><\/div>\n\t\t\t\t<\/div>\n\t\t\t\t\t\t\t\t\t\t<script type=\"application\/ld+json\">{\"@context\":\"https:\\\/\\\/schema.org\",\"@type\":\"FAQPage\",\"mainEntity\":[{\"@type\":\"Question\",\"name\":\"Marco Billi\",\"acceptedAnswer\":{\"@type\":\"Answer\",\"text\":\"<p>Marco Billi es profesor en el Departamento de Gesti\\u00f3n Rural e Innovaci\\u00f3n de la Facultad de Ciencias Agron\\u00f3micas de la Universidad de Chile. Tiene una licenciatura y una maestr\\u00eda en Econom\\u00eda de la Universit\\u00e1 Commerciale Luigi Bocconi, Italia, y un mag\\u00edster en An\\u00e1lisis Sist\\u00e9mico Aplicado a la Sociedad por la Universidad de Chile. Obtuvo su doctorado en Procesos e Instituciones Pol\\u00edticas en la Universidad Adolfo Ib\\u00e1\\u00f1ez, Chile. Es un investigador interdisciplinario con experiencia tanto en investigaci\\u00f3n acad\\u00e9mica como en consultor\\u00eda en Chile, Am\\u00e9rica Latina y Europa. Es investigador en el Centro de Ciencia del Clima y la Resiliencia CR2, Chile, y actualmente es el L\\u00edder T\\u00e9cnico de la Secretar\\u00eda T\\u00e9cnica de la campa\\u00f1a Race to Resilience, alojada en el CR2. Su investigaci\\u00f3n se centra en el an\\u00e1lisis de riesgos, la construcci\\u00f3n de resiliencia, la gobernanza y la interfaz ciencia-pol\\u00edtica, con un enfoque particular en el cambio clim\\u00e1tico y la seguridad h\\u00eddrica, energ\\u00e9tica y alimentaria. Fue autor colaborador de la 4\\u00aa Comunicaci\\u00f3n Nacional de Chile para la CMNUCC y revisor experto del informe del IPCC \\u201cCambio Clim\\u00e1tico 2022: Impactos, Adaptaci\\u00f3n y Vulnerabilidad\\u201d.<\\\/p>\"}}]}<\/script>\n\t\t\t\t\t<\/div>\n\t\t\t\t\t\t<\/div>\n\t\t\t\t<\/div>\n\t\t\t\t\t<\/div>\n\t\t<\/div>\n\t\t\t\t<div class=\"elementor-column elementor-col-25 elementor-inner-column elementor-element elementor-element-659d0a1\" data-id=\"659d0a1\" data-element_type=\"column\">\n\t\t\t<div class=\"elementor-widget-wrap elementor-element-populated\">\n\t\t\t\t\t\t<div class=\"elementor-element elementor-element-5cd8b43 elementor-widget elementor-widget-image\" data-id=\"5cd8b43\" data-element_type=\"widget\" data-widget_type=\"image.default\">\n\t\t\t\t<div class=\"elementor-widget-container\">\n\t\t\t\t\t\t\t\t\t\t\t\t\t\t\t<img decoding=\"async\" width=\"200\" height=\"230\" src=\"https:\/\/race.cr2.cl\/wp-content\/uploads\/2024\/08\/Laura_Ramajo_200.jpg\" class=\"attachment-large size-large wp-image-758\" alt=\"\" \/>\t\t\t\t\t\t\t\t\t\t\t\t\t\t\t<\/div>\n\t\t\t\t<\/div>\n\t\t\t\t<div class=\"elementor-element elementor-element-6575c60 elementor-widget elementor-widget-text-editor\" data-id=\"6575c60\" data-element_type=\"widget\" data-widget_type=\"text-editor.default\">\n\t\t\t\t<div class=\"elementor-widget-container\">\n\t\t\t\t\t\t\t\t\t<p>Gerente de Proyecto y L\u00edder de Investigaci\u00f3n en Resiliencia<\/p>\t\t\t\t\t\t\t\t<\/div>\n\t\t\t\t<\/div>\n\t\t\t\t<div class=\"elementor-element elementor-element-875128e elementor-widget elementor-widget-toggle\" data-id=\"875128e\" data-element_type=\"widget\" data-widget_type=\"toggle.default\">\n\t\t\t\t<div class=\"elementor-widget-container\">\n\t\t\t\t\t\t\t<div class=\"elementor-toggle\">\n\t\t\t\t\t\t\t<div class=\"elementor-toggle-item\">\n\t\t\t\t\t<div id=\"elementor-tab-title-1411\" class=\"elementor-tab-title\" data-tab=\"1\" role=\"button\" aria-controls=\"elementor-tab-content-1411\" aria-expanded=\"false\">\n\t\t\t\t\t\t\t\t\t\t\t\t<span class=\"elementor-toggle-icon elementor-toggle-icon-left\" aria-hidden=\"true\">\n\t\t\t\t\t\t\t\t\t\t\t\t\t\t\t<span class=\"elementor-toggle-icon-closed\"><svg class=\"e-font-icon-svg e-fas-caret-right\" viewBox=\"0 0 192 512\" xmlns=\"http:\/\/www.w3.org\/2000\/svg\"><path d=\"M0 384.662V127.338c0-17.818 21.543-26.741 34.142-14.142l128.662 128.662c7.81 7.81 7.81 20.474 0 28.284L34.142 398.804C21.543 411.404 0 402.48 0 384.662z\"><\/path><\/svg><\/span>\n\t\t\t\t\t\t\t\t<span class=\"elementor-toggle-icon-opened\"><svg class=\"elementor-toggle-icon-opened e-font-icon-svg e-fas-caret-up\" viewBox=\"0 0 320 512\" xmlns=\"http:\/\/www.w3.org\/2000\/svg\"><path d=\"M288.662 352H31.338c-17.818 0-26.741-21.543-14.142-34.142l128.662-128.662c7.81-7.81 20.474-7.81 28.284 0l128.662 128.662c12.6 12.599 3.676 34.142-14.142 34.142z\"><\/path><\/svg><\/span>\n\t\t\t\t\t\t\t\t\t\t\t\t\t<\/span>\n\t\t\t\t\t\t\t\t\t\t\t\t<a class=\"elementor-toggle-title\" tabindex=\"0\">Laura Ramajo<\/a>\n\t\t\t\t\t<\/div>\n\n\t\t\t\t\t<div id=\"elementor-tab-content-1411\" class=\"elementor-tab-content elementor-clearfix\" data-tab=\"1\" role=\"region\" aria-labelledby=\"elementor-tab-title-1411\"><p>Laura Ramajo es investigadora del Centro de Ciencia del Clima y la Resiliencia CR2, Chile. Tiene un doctorado en Cambio Global del Instituto Mediterr\u00e1neo de Estudios Avanzados (IMEDEA-CSIC), Espa\u00f1a. Tiene una licenciatura en Ciencias con especializaci\u00f3n en Biolog\u00eda de la Universidad de Chile y una maestr\u00eda en Ecolog\u00eda de Universidad Aut\u00f3noma de Madrid, Espa\u00f1a. Con varios a\u00f1os de experiencia, Laura se especializa en riesgos, adaptaci\u00f3n y resiliencia en sistemas marinos y costeros, cerrando la brecha entre la ciencia, la pol\u00edtica y la toma de decisiones tanto en el sector p\u00fablico como en el privado.<\/p><\/div>\n\t\t\t\t<\/div>\n\t\t\t\t\t\t\t\t\t\t<script type=\"application\/ld+json\">{\"@context\":\"https:\\\/\\\/schema.org\",\"@type\":\"FAQPage\",\"mainEntity\":[{\"@type\":\"Question\",\"name\":\"Laura Ramajo\",\"acceptedAnswer\":{\"@type\":\"Answer\",\"text\":\"<p>Laura Ramajo es investigadora del Centro de Ciencia del Clima y la Resiliencia CR2, Chile. Tiene un doctorado en Cambio Global del Instituto Mediterr\\u00e1neo de Estudios Avanzados (IMEDEA-CSIC), Espa\\u00f1a. Tiene una licenciatura en Ciencias con especializaci\\u00f3n en Biolog\\u00eda de la Universidad de Chile y una maestr\\u00eda en Ecolog\\u00eda de Universidad Aut\\u00f3noma de Madrid, Espa\\u00f1a. Con varios a\\u00f1os de experiencia, Laura se especializa en riesgos, adaptaci\\u00f3n y resiliencia en sistemas marinos y costeros, cerrando la brecha entre la ciencia, la pol\\u00edtica y la toma de decisiones tanto en el sector p\\u00fablico como en el privado.<\\\/p>\"}}]}<\/script>\n\t\t\t\t\t<\/div>\n\t\t\t\t\t\t<\/div>\n\t\t\t\t<\/div>\n\t\t\t\t\t<\/div>\n\t\t<\/div>\n\t\t\t\t<div class=\"elementor-column elementor-col-25 elementor-inner-column elementor-element elementor-element-ff9990a\" data-id=\"ff9990a\" data-element_type=\"column\">\n\t\t\t<div class=\"elementor-widget-wrap elementor-element-populated\">\n\t\t\t\t\t\t<div class=\"elementor-element elementor-element-d3702be elementor-widget elementor-widget-image\" data-id=\"d3702be\" data-element_type=\"widget\" data-widget_type=\"image.default\">\n\t\t\t\t<div class=\"elementor-widget-container\">\n\t\t\t\t\t\t\t\t\t\t\t\t\t\t\t<img decoding=\"async\" width=\"200\" height=\"230\" src=\"https:\/\/race.cr2.cl\/wp-content\/uploads\/2024\/10\/pazcardenas.jpg\" class=\"attachment-large size-large wp-image-957\" alt=\"\" \/>\t\t\t\t\t\t\t\t\t\t\t\t\t\t\t<\/div>\n\t\t\t\t<\/div>\n\t\t\t\t<div class=\"elementor-element elementor-element-1ae80e0 elementor-widget elementor-widget-text-editor\" data-id=\"1ae80e0\" data-element_type=\"widget\" data-widget_type=\"text-editor.default\">\n\t\t\t\t<div class=\"elementor-widget-container\">\n\t\t\t\t\t\t\t\t\t<p>L\u00edder de Alineaci\u00f3n de Socios<\/p>\t\t\t\t\t\t\t\t<\/div>\n\t\t\t\t<\/div>\n\t\t\t\t<div class=\"elementor-element elementor-element-72185e6 elementor-widget elementor-widget-toggle\" data-id=\"72185e6\" data-element_type=\"widget\" data-widget_type=\"toggle.default\">\n\t\t\t\t<div class=\"elementor-widget-container\">\n\t\t\t\t\t\t\t<div class=\"elementor-toggle\">\n\t\t\t\t\t\t\t<div class=\"elementor-toggle-item\">\n\t\t\t\t\t<div id=\"elementor-tab-title-1191\" class=\"elementor-tab-title\" data-tab=\"1\" role=\"button\" aria-controls=\"elementor-tab-content-1191\" aria-expanded=\"false\">\n\t\t\t\t\t\t\t\t\t\t\t\t<span class=\"elementor-toggle-icon elementor-toggle-icon-left\" aria-hidden=\"true\">\n\t\t\t\t\t\t\t\t\t\t\t\t\t\t\t<span class=\"elementor-toggle-icon-closed\"><svg class=\"e-font-icon-svg e-fas-caret-right\" viewBox=\"0 0 192 512\" xmlns=\"http:\/\/www.w3.org\/2000\/svg\"><path d=\"M0 384.662V127.338c0-17.818 21.543-26.741 34.142-14.142l128.662 128.662c7.81 7.81 7.81 20.474 0 28.284L34.142 398.804C21.543 411.404 0 402.48 0 384.662z\"><\/path><\/svg><\/span>\n\t\t\t\t\t\t\t\t<span class=\"elementor-toggle-icon-opened\"><svg class=\"elementor-toggle-icon-opened e-font-icon-svg e-fas-caret-up\" viewBox=\"0 0 320 512\" xmlns=\"http:\/\/www.w3.org\/2000\/svg\"><path d=\"M288.662 352H31.338c-17.818 0-26.741-21.543-14.142-34.142l128.662-128.662c7.81-7.81 20.474-7.81 28.284 0l128.662 128.662c12.6 12.599 3.676 34.142-14.142 34.142z\"><\/path><\/svg><\/span>\n\t\t\t\t\t\t\t\t\t\t\t\t\t<\/span>\n\t\t\t\t\t\t\t\t\t\t\t\t<a class=\"elementor-toggle-title\" tabindex=\"0\">Paz C\u00e1rdenas<\/a>\n\t\t\t\t\t<\/div>\n\n\t\t\t\t\t<div id=\"elementor-tab-content-1191\" class=\"elementor-tab-content elementor-clearfix\" data-tab=\"1\" role=\"region\" aria-labelledby=\"elementor-tab-title-1191\"><p>Paz es titulada en Sociolog\u00eda por la Universidad de Chile, con estudios culturales en la Universitat de Barcelona. Actualmente cursando el mag\u00edster 4Cities: Erasmus Mundus Joint Master in Urban Studies, un programa conjunto de 6 universidades europeas. Especializada en sociolog\u00eda organizacional, con enfoque en desastres socionaturales y resiliencia ante el cambio clim\u00e1tico. Experta en m\u00e9todos de investigaci\u00f3n cualitativa y cuantitativa, epistemolog\u00eda, y amplia experiencia en investigaci\u00f3n de educaci\u00f3n superior. Apasionada por la divulgaci\u00f3n cient\u00edfica y los medios audiovisuales. Defensora de enfoques interdisciplinarios y transdisciplinarios para la creaci\u00f3n de conocimiento y la resoluci\u00f3n de problemas.<\/p><\/div>\n\t\t\t\t<\/div>\n\t\t\t\t\t\t\t\t\t\t<script type=\"application\/ld+json\">{\"@context\":\"https:\\\/\\\/schema.org\",\"@type\":\"FAQPage\",\"mainEntity\":[{\"@type\":\"Question\",\"name\":\"Paz C\\u00e1rdenas\",\"acceptedAnswer\":{\"@type\":\"Answer\",\"text\":\"<p>Paz es titulada en Sociolog\\u00eda por la Universidad de Chile, con estudios culturales en la Universitat de Barcelona. Actualmente cursando el mag\\u00edster 4Cities: Erasmus Mundus Joint Master in Urban Studies, un programa conjunto de 6 universidades europeas. Especializada en sociolog\\u00eda organizacional, con enfoque en desastres socionaturales y resiliencia ante el cambio clim\\u00e1tico. Experta en m\\u00e9todos de investigaci\\u00f3n cualitativa y cuantitativa, epistemolog\\u00eda, y amplia experiencia en investigaci\\u00f3n de educaci\\u00f3n superior. Apasionada por la divulgaci\\u00f3n cient\\u00edfica y los medios audiovisuales. Defensora de enfoques interdisciplinarios y transdisciplinarios para la creaci\\u00f3n de conocimiento y la resoluci\\u00f3n de problemas.<\\\/p>\"}}]}<\/script>\n\t\t\t\t\t<\/div>\n\t\t\t\t\t\t<\/div>\n\t\t\t\t<\/div>\n\t\t\t\t\t<\/div>\n\t\t<\/div>\n\t\t\t\t<div class=\"elementor-column elementor-col-25 elementor-inner-column elementor-element elementor-element-29adaa5\" data-id=\"29adaa5\" data-element_type=\"column\">\n\t\t\t<div class=\"elementor-widget-wrap elementor-element-populated\">\n\t\t\t\t\t\t<div class=\"elementor-element elementor-element-401a987 elementor-widget elementor-widget-image\" data-id=\"401a987\" data-element_type=\"widget\" data-widget_type=\"image.default\">\n\t\t\t\t<div class=\"elementor-widget-container\">\n\t\t\t\t\t\t\t\t\t\t\t\t\t\t\t<img loading=\"lazy\" decoding=\"async\" width=\"200\" height=\"230\" src=\"https:\/\/race.cr2.cl\/wp-content\/uploads\/2025\/06\/ConstanzaMena.jpg\" class=\"attachment-large size-large wp-image-972\" alt=\"\" \/>\t\t\t\t\t\t\t\t\t\t\t\t\t\t\t<\/div>\n\t\t\t\t<\/div>\n\t\t\t\t<div class=\"elementor-element elementor-element-1146a20 elementor-widget elementor-widget-text-editor\" data-id=\"1146a20\" data-element_type=\"widget\" data-widget_type=\"text-editor.default\">\n\t\t\t\t<div class=\"elementor-widget-container\">\n\t\t\t\t\t\t\t\t\t<p>Analista de Alineaci\u00f3n de Socios<\/p>\t\t\t\t\t\t\t\t<\/div>\n\t\t\t\t<\/div>\n\t\t\t\t<div class=\"elementor-element elementor-element-07ebfb6 elementor-widget elementor-widget-toggle\" data-id=\"07ebfb6\" data-element_type=\"widget\" data-widget_type=\"toggle.default\">\n\t\t\t\t<div class=\"elementor-widget-container\">\n\t\t\t\t\t\t\t<div class=\"elementor-toggle\">\n\t\t\t\t\t\t\t<div class=\"elementor-toggle-item\">\n\t\t\t\t\t<div id=\"elementor-tab-title-8301\" class=\"elementor-tab-title\" data-tab=\"1\" role=\"button\" aria-controls=\"elementor-tab-content-8301\" aria-expanded=\"false\">\n\t\t\t\t\t\t\t\t\t\t\t\t<span class=\"elementor-toggle-icon elementor-toggle-icon-left\" aria-hidden=\"true\">\n\t\t\t\t\t\t\t\t\t\t\t\t\t\t\t<span class=\"elementor-toggle-icon-closed\"><svg class=\"e-font-icon-svg e-fas-caret-right\" viewBox=\"0 0 192 512\" xmlns=\"http:\/\/www.w3.org\/2000\/svg\"><path d=\"M0 384.662V127.338c0-17.818 21.543-26.741 34.142-14.142l128.662 128.662c7.81 7.81 7.81 20.474 0 28.284L34.142 398.804C21.543 411.404 0 402.48 0 384.662z\"><\/path><\/svg><\/span>\n\t\t\t\t\t\t\t\t<span class=\"elementor-toggle-icon-opened\"><svg class=\"elementor-toggle-icon-opened e-font-icon-svg e-fas-caret-up\" viewBox=\"0 0 320 512\" xmlns=\"http:\/\/www.w3.org\/2000\/svg\"><path d=\"M288.662 352H31.338c-17.818 0-26.741-21.543-14.142-34.142l128.662-128.662c7.81-7.81 20.474-7.81 28.284 0l128.662 128.662c12.6 12.599 3.676 34.142-14.142 34.142z\"><\/path><\/svg><\/span>\n\t\t\t\t\t\t\t\t\t\t\t\t\t<\/span>\n\t\t\t\t\t\t\t\t\t\t\t\t<a class=\"elementor-toggle-title\" tabindex=\"0\">Constanza Mena<\/a>\n\t\t\t\t\t<\/div>\n\n\t\t\t\t\t<div id=\"elementor-tab-content-8301\" class=\"elementor-tab-content elementor-clearfix\" data-tab=\"1\" role=\"region\" aria-labelledby=\"elementor-tab-title-8301\"><p>Constanza Mena es titulada de Biolog\u00eda Marina con licenciatura en Ciencias del Mar y especializaci\u00f3n en Conservaci\u00f3n y Manejo de Ecosistemas Marinos de la Universidad Cat\u00f3lica del Norte, Chile. Su trayectoria combina el enfoque cient\u00edfico con el compromiso por la acci\u00f3n clim\u00e1tica, la conservaci\u00f3n y la adaptaci\u00f3n de ambientes marinos debido al cambio clim\u00e1tico.<\/p><\/div>\n\t\t\t\t<\/div>\n\t\t\t\t\t\t\t\t\t\t<script type=\"application\/ld+json\">{\"@context\":\"https:\\\/\\\/schema.org\",\"@type\":\"FAQPage\",\"mainEntity\":[{\"@type\":\"Question\",\"name\":\"Constanza Mena\",\"acceptedAnswer\":{\"@type\":\"Answer\",\"text\":\"<p>Constanza Mena es titulada de Biolog\\u00eda Marina con licenciatura en Ciencias del Mar y especializaci\\u00f3n en Conservaci\\u00f3n y Manejo de Ecosistemas Marinos de la Universidad Cat\\u00f3lica del Norte, Chile. Su trayectoria combina el enfoque cient\\u00edfico con el compromiso por la acci\\u00f3n clim\\u00e1tica, la conservaci\\u00f3n y la adaptaci\\u00f3n de ambientes marinos debido al cambio clim\\u00e1tico.<\\\/p>\"}}]}<\/script>\n\t\t\t\t\t<\/div>\n\t\t\t\t\t\t<\/div>\n\t\t\t\t<\/div>\n\t\t\t\t\t<\/div>\n\t\t<\/div>\n\t\t\t\t\t<\/div>\n\t\t<\/section>\n\t\t\t\t<section class=\"elementor-section elementor-inner-section elementor-element elementor-element-88f449c elementor-section-boxed elementor-section-height-default elementor-section-height-default wpr-particle-no wpr-jarallax-no wpr-parallax-no wpr-sticky-section-no\" data-id=\"88f449c\" data-element_type=\"section\">\n\t\t\t\t\t\t<div class=\"elementor-container elementor-column-gap-wider\">\n\t\t\t\t\t<div class=\"elementor-column elementor-col-25 elementor-inner-column elementor-element elementor-element-7ec2fd6\" data-id=\"7ec2fd6\" data-element_type=\"column\">\n\t\t\t<div class=\"elementor-widget-wrap elementor-element-populated\">\n\t\t\t\t\t\t<div class=\"elementor-element elementor-element-c02bc32 elementor-widget elementor-widget-image\" data-id=\"c02bc32\" data-element_type=\"widget\" data-widget_type=\"image.default\">\n\t\t\t\t<div class=\"elementor-widget-container\">\n\t\t\t\t\t\t\t\t\t\t\t\t\t\t\t<img loading=\"lazy\" decoding=\"async\" width=\"200\" height=\"230\" src=\"https:\/\/race.cr2.cl\/wp-content\/uploads\/2024\/08\/FrancisMAson.jpg\" class=\"attachment-large size-large wp-image-760\" alt=\"\" \/>\t\t\t\t\t\t\t\t\t\t\t\t\t\t\t<\/div>\n\t\t\t\t<\/div>\n\t\t\t\t<div class=\"elementor-element elementor-element-5b266eb elementor-widget elementor-widget-text-editor\" data-id=\"5b266eb\" data-element_type=\"widget\" data-widget_type=\"text-editor.default\">\n\t\t\t\t<div class=\"elementor-widget-container\">\n\t\t\t\t\t\t\t\t\t<p>Oficial de Datos<\/p>\t\t\t\t\t\t\t\t<\/div>\n\t\t\t\t<\/div>\n\t\t\t\t<div class=\"elementor-element elementor-element-922c234 elementor-widget elementor-widget-toggle\" data-id=\"922c234\" data-element_type=\"widget\" data-widget_type=\"toggle.default\">\n\t\t\t\t<div class=\"elementor-widget-container\">\n\t\t\t\t\t\t\t<div class=\"elementor-toggle\">\n\t\t\t\t\t\t\t<div class=\"elementor-toggle-item\">\n\t\t\t\t\t<div id=\"elementor-tab-title-1531\" class=\"elementor-tab-title\" data-tab=\"1\" role=\"button\" aria-controls=\"elementor-tab-content-1531\" aria-expanded=\"false\">\n\t\t\t\t\t\t\t\t\t\t\t\t<span class=\"elementor-toggle-icon elementor-toggle-icon-left\" aria-hidden=\"true\">\n\t\t\t\t\t\t\t\t\t\t\t\t\t\t\t<span class=\"elementor-toggle-icon-closed\"><svg class=\"e-font-icon-svg e-fas-caret-right\" viewBox=\"0 0 192 512\" xmlns=\"http:\/\/www.w3.org\/2000\/svg\"><path d=\"M0 384.662V127.338c0-17.818 21.543-26.741 34.142-14.142l128.662 128.662c7.81 7.81 7.81 20.474 0 28.284L34.142 398.804C21.543 411.404 0 402.48 0 384.662z\"><\/path><\/svg><\/span>\n\t\t\t\t\t\t\t\t<span class=\"elementor-toggle-icon-opened\"><svg class=\"elementor-toggle-icon-opened e-font-icon-svg e-fas-caret-up\" viewBox=\"0 0 320 512\" xmlns=\"http:\/\/www.w3.org\/2000\/svg\"><path d=\"M288.662 352H31.338c-17.818 0-26.741-21.543-14.142-34.142l128.662-128.662c7.81-7.81 20.474-7.81 28.284 0l128.662 128.662c12.6 12.599 3.676 34.142-14.142 34.142z\"><\/path><\/svg><\/span>\n\t\t\t\t\t\t\t\t\t\t\t\t\t<\/span>\n\t\t\t\t\t\t\t\t\t\t\t\t<a class=\"elementor-toggle-title\" tabindex=\"0\">Francis Mason<\/a>\n\t\t\t\t\t<\/div>\n\n\t\t\t\t\t<div id=\"elementor-tab-content-1531\" class=\"elementor-tab-content elementor-clearfix\" data-tab=\"1\" role=\"region\" aria-labelledby=\"elementor-tab-title-1531\"><p>Francis Mason es un practicante regenerativo y cient\u00edfico social con una maestr\u00eda en Sociolog\u00eda por la Universidad Alberto Hurtado en Chile, donde tambi\u00e9n obtuvo su licenciatura en Sociolog\u00eda. Adem\u00e1s, ha realizado estudios de posgrado en Estudios Chinos en la Universidad de Chile y ha recibido formaci\u00f3n como Dise\u00f1ador en Permacultura de El Manzano en Chile.<\/p><\/div>\n\t\t\t\t<\/div>\n\t\t\t\t\t\t\t\t\t\t<script type=\"application\/ld+json\">{\"@context\":\"https:\\\/\\\/schema.org\",\"@type\":\"FAQPage\",\"mainEntity\":[{\"@type\":\"Question\",\"name\":\"Francis Mason\",\"acceptedAnswer\":{\"@type\":\"Answer\",\"text\":\"<p>Francis Mason es un practicante regenerativo y cient\\u00edfico social con una maestr\\u00eda en Sociolog\\u00eda por la Universidad Alberto Hurtado en Chile, donde tambi\\u00e9n obtuvo su licenciatura en Sociolog\\u00eda. Adem\\u00e1s, ha realizado estudios de posgrado en Estudios Chinos en la Universidad de Chile y ha recibido formaci\\u00f3n como Dise\\u00f1ador en Permacultura de El Manzano en Chile.<\\\/p>\"}}]}<\/script>\n\t\t\t\t\t<\/div>\n\t\t\t\t\t\t<\/div>\n\t\t\t\t<\/div>\n\t\t\t\t\t<\/div>\n\t\t<\/div>\n\t\t\t\t<div class=\"elementor-column elementor-col-25 elementor-inner-column elementor-element elementor-element-2016685\" data-id=\"2016685\" data-element_type=\"column\">\n\t\t\t<div class=\"elementor-widget-wrap elementor-element-populated\">\n\t\t\t\t\t\t<div class=\"elementor-element elementor-element-8d0e4dd elementor-widget elementor-widget-image\" data-id=\"8d0e4dd\" data-element_type=\"widget\" data-widget_type=\"image.default\">\n\t\t\t\t<div class=\"elementor-widget-container\">\n\t\t\t\t\t\t\t\t\t\t\t\t\t\t\t<img loading=\"lazy\" decoding=\"async\" width=\"200\" height=\"230\" src=\"https:\/\/race.cr2.cl\/wp-content\/uploads\/2025\/01\/CarlaLeyton.jpg\" class=\"attachment-large size-large wp-image-962\" alt=\"\" \/>\t\t\t\t\t\t\t\t\t\t\t\t\t\t\t<\/div>\n\t\t\t\t<\/div>\n\t\t\t\t<div class=\"elementor-element elementor-element-c4961b1 elementor-widget elementor-widget-text-editor\" data-id=\"c4961b1\" data-element_type=\"widget\" data-widget_type=\"text-editor.default\">\n\t\t\t\t<div class=\"elementor-widget-container\">\n\t\t\t\t\t\t\t\t\t<p>Oficial de Datos<\/p>\t\t\t\t\t\t\t\t<\/div>\n\t\t\t\t<\/div>\n\t\t\t\t<div class=\"elementor-element elementor-element-e6d325c elementor-widget elementor-widget-toggle\" data-id=\"e6d325c\" data-element_type=\"widget\" data-widget_type=\"toggle.default\">\n\t\t\t\t<div class=\"elementor-widget-container\">\n\t\t\t\t\t\t\t<div class=\"elementor-toggle\">\n\t\t\t\t\t\t\t<div class=\"elementor-toggle-item\">\n\t\t\t\t\t<div id=\"elementor-tab-title-2421\" class=\"elementor-tab-title\" data-tab=\"1\" role=\"button\" aria-controls=\"elementor-tab-content-2421\" aria-expanded=\"false\">\n\t\t\t\t\t\t\t\t\t\t\t\t<span class=\"elementor-toggle-icon elementor-toggle-icon-left\" aria-hidden=\"true\">\n\t\t\t\t\t\t\t\t\t\t\t\t\t\t\t<span class=\"elementor-toggle-icon-closed\"><svg class=\"e-font-icon-svg e-fas-caret-right\" viewBox=\"0 0 192 512\" xmlns=\"http:\/\/www.w3.org\/2000\/svg\"><path d=\"M0 384.662V127.338c0-17.818 21.543-26.741 34.142-14.142l128.662 128.662c7.81 7.81 7.81 20.474 0 28.284L34.142 398.804C21.543 411.404 0 402.48 0 384.662z\"><\/path><\/svg><\/span>\n\t\t\t\t\t\t\t\t<span class=\"elementor-toggle-icon-opened\"><svg class=\"elementor-toggle-icon-opened e-font-icon-svg e-fas-caret-up\" viewBox=\"0 0 320 512\" xmlns=\"http:\/\/www.w3.org\/2000\/svg\"><path d=\"M288.662 352H31.338c-17.818 0-26.741-21.543-14.142-34.142l128.662-128.662c7.81-7.81 20.474-7.81 28.284 0l128.662 128.662c12.6 12.599 3.676 34.142-14.142 34.142z\"><\/path><\/svg><\/span>\n\t\t\t\t\t\t\t\t\t\t\t\t\t<\/span>\n\t\t\t\t\t\t\t\t\t\t\t\t<a class=\"elementor-toggle-title\" tabindex=\"0\">Carla Lanyon<\/a>\n\t\t\t\t\t<\/div>\n\n\t\t\t\t\t<div id=\"elementor-tab-content-2421\" class=\"elementor-tab-content elementor-clearfix\" data-tab=\"1\" role=\"region\" aria-labelledby=\"elementor-tab-title-2421\"><p>Carla Lanyon es Ingeniera en Recursos Naturales Renovables de la Universidad de Chile, con especializaci\u00f3n en resiliencia y sistemas socioecol\u00f3gicos adquirida en el Stockholm Resilience Centre de la Universidad de Estocolmo. Actualmente, se desempe\u00f1a como investigadora en el Centro de Energ\u00eda de la Universidad de Chile y colabora con L\u00ednea Ciudades del Centro de Ciencia del Clima y la Resiliencia (CR2) y el N\u00facleo de Estudios Sist\u00e9micos Transdisciplinarios (NEST-R3). Carla posee una s\u00f3lida trayectoria en enfoques inter y transdisciplinarios orientados a la transici\u00f3n energ\u00e9tica, la biodiversidad y el cambio clim\u00e1tico. Su experiencia incluye el uso de metodolog\u00edas participativas y cualitativas, trabajando de manera directa con comunidades ind\u00edgenas y rurales, as\u00ed como con organismos estatales y privados. Sus principales \u00e1reas de inter\u00e9s abarcan la justicia clim\u00e1tica, transici\u00f3n energ\u00e9tica justa, transformaciones socioecol\u00f3gicas, la perspectiva de g\u00e9nero y la coproducci\u00f3n de conocimiento.<\/p><\/div>\n\t\t\t\t<\/div>\n\t\t\t\t\t\t\t\t\t\t<script type=\"application\/ld+json\">{\"@context\":\"https:\\\/\\\/schema.org\",\"@type\":\"FAQPage\",\"mainEntity\":[{\"@type\":\"Question\",\"name\":\"Carla Lanyon\",\"acceptedAnswer\":{\"@type\":\"Answer\",\"text\":\"<p>Carla Lanyon es Ingeniera en Recursos Naturales Renovables de la Universidad de Chile, con especializaci\\u00f3n en resiliencia y sistemas socioecol\\u00f3gicos adquirida en el Stockholm Resilience Centre de la Universidad de Estocolmo. Actualmente, se desempe\\u00f1a como investigadora en el Centro de Energ\\u00eda de la Universidad de Chile y colabora con L\\u00ednea Ciudades del Centro de Ciencia del Clima y la Resiliencia (CR2) y el N\\u00facleo de Estudios Sist\\u00e9micos Transdisciplinarios (NEST-R3). Carla posee una s\\u00f3lida trayectoria en enfoques inter y transdisciplinarios orientados a la transici\\u00f3n energ\\u00e9tica, la biodiversidad y el cambio clim\\u00e1tico. Su experiencia incluye el uso de metodolog\\u00edas participativas y cualitativas, trabajando de manera directa con comunidades ind\\u00edgenas y rurales, as\\u00ed como con organismos estatales y privados. Sus principales \\u00e1reas de inter\\u00e9s abarcan la justicia clim\\u00e1tica, transici\\u00f3n energ\\u00e9tica justa, transformaciones socioecol\\u00f3gicas, la perspectiva de g\\u00e9nero y la coproducci\\u00f3n de conocimiento.<\\\/p>\"}}]}<\/script>\n\t\t\t\t\t<\/div>\n\t\t\t\t\t\t<\/div>\n\t\t\t\t<\/div>\n\t\t\t\t\t<\/div>\n\t\t<\/div>\n\t\t\t\t<div class=\"elementor-column elementor-col-25 elementor-inner-column elementor-element elementor-element-84dc3a0\" data-id=\"84dc3a0\" data-element_type=\"column\">\n\t\t\t<div class=\"elementor-widget-wrap\">\n\t\t\t\t\t\t\t<\/div>\n\t\t<\/div>\n\t\t\t\t<div class=\"elementor-column elementor-col-25 elementor-inner-column elementor-element elementor-element-50e1680\" data-id=\"50e1680\" data-element_type=\"column\">\n\t\t\t<div class=\"elementor-widget-wrap\">\n\t\t\t\t\t\t\t<\/div>\n\t\t<\/div>\n\t\t\t\t\t<\/div>\n\t\t<\/section>\n\t\t\t\t<div class=\"elementor-element elementor-element-5978115 elementor-widget elementor-widget-spacer\" data-id=\"5978115\" data-element_type=\"widget\" data-widget_type=\"spacer.default\">\n\t\t\t\t<div class=\"elementor-widget-container\">\n\t\t\t\t\t\t\t<div class=\"elementor-spacer\">\n\t\t\t<div class=\"elementor-spacer-inner\"><\/div>\n\t\t<\/div>\n\t\t\t\t\t\t<\/div>\n\t\t\t\t<\/div>\n\t\t\t\t<div class=\"elementor-element elementor-element-1c24f80 elementor-widget elementor-widget-heading\" data-id=\"1c24f80\" data-element_type=\"widget\" data-widget_type=\"heading.default\">\n\t\t\t\t<div class=\"elementor-widget-container\">\n\t\t\t\t\t<h2 class=\"elementor-heading-title elementor-size-default\">Panel Asesor Estrat\u00e9gico CR2<\/h2>\t\t\t\t<\/div>\n\t\t\t\t<\/div>\n\t\t\t\t<div class=\"elementor-element elementor-element-4f4de75 elementor-widget-divider--view-line elementor-widget elementor-widget-divider\" data-id=\"4f4de75\" data-element_type=\"widget\" data-widget_type=\"divider.default\">\n\t\t\t\t<div class=\"elementor-widget-container\">\n\t\t\t\t\t\t\t<div class=\"elementor-divider\">\n\t\t\t<span class=\"elementor-divider-separator\">\n\t\t\t\t\t\t<\/span>\n\t\t<\/div>\n\t\t\t\t\t\t<\/div>\n\t\t\t\t<\/div>\n\t\t\t\t<section class=\"elementor-section elementor-inner-section elementor-element elementor-element-6bbe69f elementor-section-boxed elementor-section-height-default elementor-section-height-default wpr-particle-no wpr-jarallax-no wpr-parallax-no wpr-sticky-section-no\" data-id=\"6bbe69f\" data-element_type=\"section\">\n\t\t\t\t\t\t<div class=\"elementor-container elementor-column-gap-extended\">\n\t\t\t\t\t<div class=\"elementor-column elementor-col-20 elementor-inner-column elementor-element elementor-element-3447000\" data-id=\"3447000\" data-element_type=\"column\">\n\t\t\t<div class=\"elementor-widget-wrap elementor-element-populated\">\n\t\t\t\t\t\t<div class=\"elementor-element elementor-element-053df20 elementor-widget elementor-widget-image\" data-id=\"053df20\" data-element_type=\"widget\" data-widget_type=\"image.default\">\n\t\t\t\t<div class=\"elementor-widget-container\">\n\t\t\t\t\t\t\t\t\t\t\t\t\t\t\t<img loading=\"lazy\" decoding=\"async\" width=\"200\" height=\"230\" src=\"https:\/\/race.cr2.cl\/wp-content\/uploads\/2024\/08\/Pilar_Moraga2_200.jpg\" class=\"attachment-large size-large wp-image-793\" alt=\"\" \/>\t\t\t\t\t\t\t\t\t\t\t\t\t\t\t<\/div>\n\t\t\t\t<\/div>\n\t\t\t\t<div class=\"elementor-element elementor-element-c35468e elementor-widget elementor-widget-text-editor\" data-id=\"c35468e\" data-element_type=\"widget\" data-widget_type=\"text-editor.default\">\n\t\t\t\t<div class=\"elementor-widget-container\">\n\t\t\t\t\t\t\t\t\t<p>Directora del CR2<\/p>\t\t\t\t\t\t\t\t<\/div>\n\t\t\t\t<\/div>\n\t\t\t\t<div class=\"elementor-element elementor-element-cbe3360 elementor-widget elementor-widget-toggle\" data-id=\"cbe3360\" data-element_type=\"widget\" data-widget_type=\"toggle.default\">\n\t\t\t\t<div class=\"elementor-widget-container\">\n\t\t\t\t\t\t\t<div class=\"elementor-toggle\">\n\t\t\t\t\t\t\t<div class=\"elementor-toggle-item\">\n\t\t\t\t\t<div id=\"elementor-tab-title-2131\" class=\"elementor-tab-title\" data-tab=\"1\" role=\"button\" aria-controls=\"elementor-tab-content-2131\" aria-expanded=\"false\">\n\t\t\t\t\t\t\t\t\t\t\t\t<span class=\"elementor-toggle-icon elementor-toggle-icon-left\" aria-hidden=\"true\">\n\t\t\t\t\t\t\t\t\t\t\t\t\t\t\t<span class=\"elementor-toggle-icon-closed\"><svg class=\"e-font-icon-svg e-fas-caret-right\" viewBox=\"0 0 192 512\" xmlns=\"http:\/\/www.w3.org\/2000\/svg\"><path d=\"M0 384.662V127.338c0-17.818 21.543-26.741 34.142-14.142l128.662 128.662c7.81 7.81 7.81 20.474 0 28.284L34.142 398.804C21.543 411.404 0 402.48 0 384.662z\"><\/path><\/svg><\/span>\n\t\t\t\t\t\t\t\t<span class=\"elementor-toggle-icon-opened\"><svg class=\"elementor-toggle-icon-opened e-font-icon-svg e-fas-caret-up\" viewBox=\"0 0 320 512\" xmlns=\"http:\/\/www.w3.org\/2000\/svg\"><path d=\"M288.662 352H31.338c-17.818 0-26.741-21.543-14.142-34.142l128.662-128.662c7.81-7.81 20.474-7.81 28.284 0l128.662 128.662c12.6 12.599 3.676 34.142-14.142 34.142z\"><\/path><\/svg><\/span>\n\t\t\t\t\t\t\t\t\t\t\t\t\t<\/span>\n\t\t\t\t\t\t\t\t\t\t\t\t<a class=\"elementor-toggle-title\" tabindex=\"0\">Pilar Moraga<\/a>\n\t\t\t\t\t<\/div>\n\n\t\t\t\t\t<div id=\"elementor-tab-content-2131\" class=\"elementor-tab-content elementor-clearfix\" data-tab=\"1\" role=\"region\" aria-labelledby=\"elementor-tab-title-2131\"><p>Profesora titular de la Facultad de Derecho de la Universidad de Chile. Es abogada de la misma casa de estudios, mag\u00edster y doctora en Derecho de la Universidad de Lille 2, Francia. Actualmente es Directora del Centro de Ciencia del Clima y la Resiliencia CR2 y del Centro de Derecho Ambiental; adem\u00e1s es investigadora asociada del Centro de Energ\u00eda Solar, SERC-Chile. Cuenta con numerosas publicaciones en materia de derecho ambiental, cambio clim\u00e1tico y energ\u00eda.<\/p><\/div>\n\t\t\t\t<\/div>\n\t\t\t\t\t\t\t\t\t\t<script type=\"application\/ld+json\">{\"@context\":\"https:\\\/\\\/schema.org\",\"@type\":\"FAQPage\",\"mainEntity\":[{\"@type\":\"Question\",\"name\":\"Pilar Moraga\",\"acceptedAnswer\":{\"@type\":\"Answer\",\"text\":\"<p>Profesora titular de la Facultad de Derecho de la Universidad de Chile. Es abogada de la misma casa de estudios, mag\\u00edster y doctora en Derecho de la Universidad de Lille 2, Francia. Actualmente es Directora del Centro de Ciencia del Clima y la Resiliencia CR2 y del Centro de Derecho Ambiental; adem\\u00e1s es investigadora asociada del Centro de Energ\\u00eda Solar, SERC-Chile. Cuenta con numerosas publicaciones en materia de derecho ambiental, cambio clim\\u00e1tico y energ\\u00eda.<\\\/p>\"}}]}<\/script>\n\t\t\t\t\t<\/div>\n\t\t\t\t\t\t<\/div>\n\t\t\t\t<\/div>\n\t\t\t\t\t<\/div>\n\t\t<\/div>\n\t\t\t\t<div class=\"elementor-column elementor-col-20 elementor-inner-column elementor-element elementor-element-ed6e887\" data-id=\"ed6e887\" data-element_type=\"column\">\n\t\t\t<div class=\"elementor-widget-wrap elementor-element-populated\">\n\t\t\t\t\t\t<div class=\"elementor-element elementor-element-445e5d2 elementor-widget elementor-widget-image\" data-id=\"445e5d2\" data-element_type=\"widget\" data-widget_type=\"image.default\">\n\t\t\t\t<div class=\"elementor-widget-container\">\n\t\t\t\t\t\t\t\t\t\t\t\t\t\t\t<img loading=\"lazy\" decoding=\"async\" width=\"200\" height=\"230\" src=\"https:\/\/race.cr2.cl\/wp-content\/uploads\/2024\/08\/Eugenia_Gayo200.jpg\" class=\"attachment-large size-large wp-image-790\" alt=\"\" \/>\t\t\t\t\t\t\t\t\t\t\t\t\t\t\t<\/div>\n\t\t\t\t<\/div>\n\t\t\t\t<div class=\"elementor-element elementor-element-a97ce76 elementor-widget elementor-widget-text-editor\" data-id=\"a97ce76\" data-element_type=\"widget\" data-widget_type=\"text-editor.default\">\n\t\t\t\t<div class=\"elementor-widget-container\">\n\t\t\t\t\t\t\t\t\t<p>Investigadora principal<\/p>\t\t\t\t\t\t\t\t<\/div>\n\t\t\t\t<\/div>\n\t\t\t\t<div class=\"elementor-element elementor-element-267e30c elementor-widget elementor-widget-toggle\" data-id=\"267e30c\" data-element_type=\"widget\" data-widget_type=\"toggle.default\">\n\t\t\t\t<div class=\"elementor-widget-container\">\n\t\t\t\t\t\t\t<div class=\"elementor-toggle\">\n\t\t\t\t\t\t\t<div class=\"elementor-toggle-item\">\n\t\t\t\t\t<div id=\"elementor-tab-title-4031\" class=\"elementor-tab-title\" data-tab=\"1\" role=\"button\" aria-controls=\"elementor-tab-content-4031\" aria-expanded=\"false\">\n\t\t\t\t\t\t\t\t\t\t\t\t<span class=\"elementor-toggle-icon elementor-toggle-icon-left\" aria-hidden=\"true\">\n\t\t\t\t\t\t\t\t\t\t\t\t\t\t\t<span class=\"elementor-toggle-icon-closed\"><svg class=\"e-font-icon-svg e-fas-caret-right\" viewBox=\"0 0 192 512\" xmlns=\"http:\/\/www.w3.org\/2000\/svg\"><path d=\"M0 384.662V127.338c0-17.818 21.543-26.741 34.142-14.142l128.662 128.662c7.81 7.81 7.81 20.474 0 28.284L34.142 398.804C21.543 411.404 0 402.48 0 384.662z\"><\/path><\/svg><\/span>\n\t\t\t\t\t\t\t\t<span class=\"elementor-toggle-icon-opened\"><svg class=\"elementor-toggle-icon-opened e-font-icon-svg e-fas-caret-up\" viewBox=\"0 0 320 512\" xmlns=\"http:\/\/www.w3.org\/2000\/svg\"><path d=\"M288.662 352H31.338c-17.818 0-26.741-21.543-14.142-34.142l128.662-128.662c7.81-7.81 20.474-7.81 28.284 0l128.662 128.662c12.6 12.599 3.676 34.142-14.142 34.142z\"><\/path><\/svg><\/span>\n\t\t\t\t\t\t\t\t\t\t\t\t\t<\/span>\n\t\t\t\t\t\t\t\t\t\t\t\t<a class=\"elementor-toggle-title\" tabindex=\"0\">Eugenia Gay\u00f3<\/a>\n\t\t\t\t\t<\/div>\n\n\t\t\t\t\t<div id=\"elementor-tab-content-4031\" class=\"elementor-tab-content elementor-clearfix\" data-tab=\"1\" role=\"region\" aria-labelledby=\"elementor-tab-title-4031\"><p>Profesora asistente del Departamento de Geograf\u00eda de la Universidad de Chile desde 2023. Es bi\u00f3loga de la Universidad de Concepci\u00f3n y doctora en Ciencias Biol\u00f3gicas menci\u00f3n en Ecolog\u00eda de la Pontificia Universidad Cat\u00f3lica de Chile. Su investigaci\u00f3n se enfoca en la ecolog\u00eda hist\u00f3rica, abordando diferentes dimensiones sobre la articulaci\u00f3n de las din\u00e1micas y retroalimentaciones entre sistemas biof\u00edsicos y sociales a diferentes escalas espaciales y temporales (desde miles de a\u00f1os hasta d\u00e9cadas). Ha participado como evaluadora experta para los informes AR5 y AR6 del Panel Intergubernamental de Cambio Clim\u00e1tico (IPCC), y actuado como delegada de Chile ante el IPCC entre los a\u00f1os 2022 y 2023.<\/p><\/div>\n\t\t\t\t<\/div>\n\t\t\t\t\t\t\t\t\t\t<script type=\"application\/ld+json\">{\"@context\":\"https:\\\/\\\/schema.org\",\"@type\":\"FAQPage\",\"mainEntity\":[{\"@type\":\"Question\",\"name\":\"Eugenia Gay\\u00f3\",\"acceptedAnswer\":{\"@type\":\"Answer\",\"text\":\"<p>Profesora asistente del Departamento de Geograf\\u00eda de la Universidad de Chile desde 2023. Es bi\\u00f3loga de la Universidad de Concepci\\u00f3n y doctora en Ciencias Biol\\u00f3gicas menci\\u00f3n en Ecolog\\u00eda de la Pontificia Universidad Cat\\u00f3lica de Chile. Su investigaci\\u00f3n se enfoca en la ecolog\\u00eda hist\\u00f3rica, abordando diferentes dimensiones sobre la articulaci\\u00f3n de las din\\u00e1micas y retroalimentaciones entre sistemas biof\\u00edsicos y sociales a diferentes escalas espaciales y temporales (desde miles de a\\u00f1os hasta d\\u00e9cadas). Ha participado como evaluadora experta para los informes AR5 y AR6 del Panel Intergubernamental de Cambio Clim\\u00e1tico (IPCC), y actuado como delegada de Chile ante el IPCC entre los a\\u00f1os 2022 y 2023.<\\\/p>\"}}]}<\/script>\n\t\t\t\t\t<\/div>\n\t\t\t\t\t\t<\/div>\n\t\t\t\t<\/div>\n\t\t\t\t\t<\/div>\n\t\t<\/div>\n\t\t\t\t<div class=\"elementor-column elementor-col-20 elementor-inner-column elementor-element elementor-element-684d7bb\" data-id=\"684d7bb\" data-element_type=\"column\">\n\t\t\t<div class=\"elementor-widget-wrap elementor-element-populated\">\n\t\t\t\t\t\t<div class=\"elementor-element elementor-element-8447990 elementor-widget elementor-widget-image\" data-id=\"8447990\" data-element_type=\"widget\" data-widget_type=\"image.default\">\n\t\t\t\t<div class=\"elementor-widget-container\">\n\t\t\t\t\t\t\t\t\t\t\t\t\t\t\t<img loading=\"lazy\" decoding=\"async\" width=\"200\" height=\"230\" src=\"https:\/\/race.cr2.cl\/wp-content\/uploads\/2024\/08\/Paulina_Aldunce_200.jpg\" class=\"attachment-large size-large wp-image-789\" alt=\"\" \/>\t\t\t\t\t\t\t\t\t\t\t\t\t\t\t<\/div>\n\t\t\t\t<\/div>\n\t\t\t\t<div class=\"elementor-element elementor-element-41fe153 elementor-widget elementor-widget-text-editor\" data-id=\"41fe153\" data-element_type=\"widget\" data-widget_type=\"text-editor.default\">\n\t\t\t\t<div class=\"elementor-widget-container\">\n\t\t\t\t\t\t\t\t\t<p>Investigadora asociada<\/p>\t\t\t\t\t\t\t\t<\/div>\n\t\t\t\t<\/div>\n\t\t\t\t<div class=\"elementor-element elementor-element-422f32d elementor-widget elementor-widget-toggle\" data-id=\"422f32d\" data-element_type=\"widget\" data-widget_type=\"toggle.default\">\n\t\t\t\t<div class=\"elementor-widget-container\">\n\t\t\t\t\t\t\t<div class=\"elementor-toggle\">\n\t\t\t\t\t\t\t<div class=\"elementor-toggle-item\">\n\t\t\t\t\t<div id=\"elementor-tab-title-6931\" class=\"elementor-tab-title\" data-tab=\"1\" role=\"button\" aria-controls=\"elementor-tab-content-6931\" aria-expanded=\"false\">\n\t\t\t\t\t\t\t\t\t\t\t\t<span class=\"elementor-toggle-icon elementor-toggle-icon-left\" aria-hidden=\"true\">\n\t\t\t\t\t\t\t\t\t\t\t\t\t\t\t<span class=\"elementor-toggle-icon-closed\"><svg class=\"e-font-icon-svg e-fas-caret-right\" viewBox=\"0 0 192 512\" xmlns=\"http:\/\/www.w3.org\/2000\/svg\"><path d=\"M0 384.662V127.338c0-17.818 21.543-26.741 34.142-14.142l128.662 128.662c7.81 7.81 7.81 20.474 0 28.284L34.142 398.804C21.543 411.404 0 402.48 0 384.662z\"><\/path><\/svg><\/span>\n\t\t\t\t\t\t\t\t<span class=\"elementor-toggle-icon-opened\"><svg class=\"elementor-toggle-icon-opened e-font-icon-svg e-fas-caret-up\" viewBox=\"0 0 320 512\" xmlns=\"http:\/\/www.w3.org\/2000\/svg\"><path d=\"M288.662 352H31.338c-17.818 0-26.741-21.543-14.142-34.142l128.662-128.662c7.81-7.81 20.474-7.81 28.284 0l128.662 128.662c12.6 12.599 3.676 34.142-14.142 34.142z\"><\/path><\/svg><\/span>\n\t\t\t\t\t\t\t\t\t\t\t\t\t<\/span>\n\t\t\t\t\t\t\t\t\t\t\t\t<a class=\"elementor-toggle-title\" tabindex=\"0\">Paulina Aldunce<\/a>\n\t\t\t\t\t<\/div>\n\n\t\t\t\t\t<div id=\"elementor-tab-content-6931\" class=\"elementor-tab-content elementor-clearfix\" data-tab=\"1\" role=\"region\" aria-labelledby=\"elementor-tab-title-6931\"><p>Profesora titular del Departamento de Ciencias Ambientales y Recursos Naturales Renovables de la Universidad de Chile. Doctora en Sociolog\u00eda de la Universidad de Melbourne, Australia. Su investigaci\u00f3n se enfoca en el manejo de desastres socionaturales, adaptaci\u00f3n y transformaci\u00f3n al cambio clim\u00e1tico, y el arte para la acci\u00f3n clim\u00e1tica. Fue autora l\u00edder del Reporte Especial \u00abGesti\u00f3n de los riesgos de fen\u00f3menos meteorol\u00f3gicos extremos y desastres para mejorar la adaptaci\u00f3n al cambio clim\u00e1tico\u00bb (SREX) y del Sexto Informe de Evaluaci\u00f3n (AR6) del Panel Intergubernamental sobre Cambio Clim\u00e1tico (IPCC) y editora del Quinto Informe de Evaluaci\u00f3n (AR5) del IPCC.<\/p><\/div>\n\t\t\t\t<\/div>\n\t\t\t\t\t\t\t\t\t\t<script type=\"application\/ld+json\">{\"@context\":\"https:\\\/\\\/schema.org\",\"@type\":\"FAQPage\",\"mainEntity\":[{\"@type\":\"Question\",\"name\":\"Paulina Aldunce\",\"acceptedAnswer\":{\"@type\":\"Answer\",\"text\":\"<p>Profesora titular del Departamento de Ciencias Ambientales y Recursos Naturales Renovables de la Universidad de Chile. Doctora en Sociolog\\u00eda de la Universidad de Melbourne, Australia. Su investigaci\\u00f3n se enfoca en el manejo de desastres socionaturales, adaptaci\\u00f3n y transformaci\\u00f3n al cambio clim\\u00e1tico, y el arte para la acci\\u00f3n clim\\u00e1tica. Fue autora l\\u00edder del Reporte Especial \\u00abGesti\\u00f3n de los riesgos de fen\\u00f3menos meteorol\\u00f3gicos extremos y desastres para mejorar la adaptaci\\u00f3n al cambio clim\\u00e1tico\\u00bb (SREX) y del Sexto Informe de Evaluaci\\u00f3n (AR6) del Panel Intergubernamental sobre Cambio Clim\\u00e1tico (IPCC) y editora del Quinto Informe de Evaluaci\\u00f3n (AR5) del IPCC.<\\\/p>\"}}]}<\/script>\n\t\t\t\t\t<\/div>\n\t\t\t\t\t\t<\/div>\n\t\t\t\t<\/div>\n\t\t\t\t\t<\/div>\n\t\t<\/div>\n\t\t\t\t<div class=\"elementor-column elementor-col-20 elementor-inner-column elementor-element elementor-element-c479dab\" data-id=\"c479dab\" data-element_type=\"column\">\n\t\t\t<div class=\"elementor-widget-wrap elementor-element-populated\">\n\t\t\t\t\t\t<div class=\"elementor-element elementor-element-357797d elementor-widget elementor-widget-image\" data-id=\"357797d\" data-element_type=\"widget\" data-widget_type=\"image.default\">\n\t\t\t\t<div class=\"elementor-widget-container\">\n\t\t\t\t\t\t\t\t\t\t\t\t\t\t\t<img loading=\"lazy\" decoding=\"async\" width=\"200\" height=\"230\" src=\"https:\/\/race.cr2.cl\/wp-content\/uploads\/2024\/08\/Anahi_Urquiza_200.jpg\" class=\"attachment-large size-large wp-image-792\" alt=\"\" \/>\t\t\t\t\t\t\t\t\t\t\t\t\t\t\t<\/div>\n\t\t\t\t<\/div>\n\t\t\t\t<div class=\"elementor-element elementor-element-bae59b1 elementor-widget elementor-widget-text-editor\" data-id=\"bae59b1\" data-element_type=\"widget\" data-widget_type=\"text-editor.default\">\n\t\t\t\t<div class=\"elementor-widget-container\">\n\t\t\t\t\t\t\t\t\t<p>Investigadora asociada<\/p>\t\t\t\t\t\t\t\t<\/div>\n\t\t\t\t<\/div>\n\t\t\t\t<div class=\"elementor-element elementor-element-f2fbc98 elementor-widget elementor-widget-toggle\" data-id=\"f2fbc98\" data-element_type=\"widget\" data-widget_type=\"toggle.default\">\n\t\t\t\t<div class=\"elementor-widget-container\">\n\t\t\t\t\t\t\t<div class=\"elementor-toggle\">\n\t\t\t\t\t\t\t<div class=\"elementor-toggle-item\">\n\t\t\t\t\t<div id=\"elementor-tab-title-2541\" class=\"elementor-tab-title\" data-tab=\"1\" role=\"button\" aria-controls=\"elementor-tab-content-2541\" aria-expanded=\"false\">\n\t\t\t\t\t\t\t\t\t\t\t\t<span class=\"elementor-toggle-icon elementor-toggle-icon-left\" aria-hidden=\"true\">\n\t\t\t\t\t\t\t\t\t\t\t\t\t\t\t<span class=\"elementor-toggle-icon-closed\"><svg class=\"e-font-icon-svg e-fas-caret-right\" viewBox=\"0 0 192 512\" xmlns=\"http:\/\/www.w3.org\/2000\/svg\"><path d=\"M0 384.662V127.338c0-17.818 21.543-26.741 34.142-14.142l128.662 128.662c7.81 7.81 7.81 20.474 0 28.284L34.142 398.804C21.543 411.404 0 402.48 0 384.662z\"><\/path><\/svg><\/span>\n\t\t\t\t\t\t\t\t<span class=\"elementor-toggle-icon-opened\"><svg class=\"elementor-toggle-icon-opened e-font-icon-svg e-fas-caret-up\" viewBox=\"0 0 320 512\" xmlns=\"http:\/\/www.w3.org\/2000\/svg\"><path d=\"M288.662 352H31.338c-17.818 0-26.741-21.543-14.142-34.142l128.662-128.662c7.81-7.81 20.474-7.81 28.284 0l128.662 128.662c12.6 12.599 3.676 34.142-14.142 34.142z\"><\/path><\/svg><\/span>\n\t\t\t\t\t\t\t\t\t\t\t\t\t<\/span>\n\t\t\t\t\t\t\t\t\t\t\t\t<a class=\"elementor-toggle-title\" tabindex=\"0\">Anah\u00ed Urquiza<\/a>\n\t\t\t\t\t<\/div>\n\n\t\t\t\t\t<div id=\"elementor-tab-content-2541\" class=\"elementor-tab-content elementor-clearfix\" data-tab=\"1\" role=\"region\" aria-labelledby=\"elementor-tab-title-2541\"><p>Profesora titular del Departamento de Antropolog\u00eda y del Departamento de Trabajo Social de la Universidad de Chile. Es Antrop\u00f3loga Social y magister en Antropolog\u00eda y Desarrollo de la misma casa de estudios, y doctora en Sociolog\u00eda de la Universidad Ludwig Maximilian de Munich y en el Programa Environment and Society, del Rachel Carson Center, Alemania. Experta en teor\u00eda de sistemas. Sus \u00e1reas de investigaci\u00f3n se concentran en la relaci\u00f3n medio ambiente y sociedad, especialmente en vulnerabilidad h\u00eddrica, transiciones energ\u00e9ticas, inter y transdisciplina, gobernanza y resiliencia frente al cambio clim\u00e1tico. Actualmente, es directora de Innovaci\u00f3n de la Universidad de Chile e integrante del Comit\u00e9 Asesor Cient\u00edfico del Instituto Interamericano para la Investigaci\u00f3n del Cambio Global (IAI).<\/p><\/div>\n\t\t\t\t<\/div>\n\t\t\t\t\t\t\t\t\t\t<script type=\"application\/ld+json\">{\"@context\":\"https:\\\/\\\/schema.org\",\"@type\":\"FAQPage\",\"mainEntity\":[{\"@type\":\"Question\",\"name\":\"Anah\\u00ed Urquiza\",\"acceptedAnswer\":{\"@type\":\"Answer\",\"text\":\"<p>Profesora titular del Departamento de Antropolog\\u00eda y del Departamento de Trabajo Social de la Universidad de Chile. Es Antrop\\u00f3loga Social y magister en Antropolog\\u00eda y Desarrollo de la misma casa de estudios, y doctora en Sociolog\\u00eda de la Universidad Ludwig Maximilian de Munich y en el Programa Environment and Society, del Rachel Carson Center, Alemania. Experta en teor\\u00eda de sistemas. Sus \\u00e1reas de investigaci\\u00f3n se concentran en la relaci\\u00f3n medio ambiente y sociedad, especialmente en vulnerabilidad h\\u00eddrica, transiciones energ\\u00e9ticas, inter y transdisciplina, gobernanza y resiliencia frente al cambio clim\\u00e1tico. Actualmente, es directora de Innovaci\\u00f3n de la Universidad de Chile e integrante del Comit\\u00e9 Asesor Cient\\u00edfico del Instituto Interamericano para la Investigaci\\u00f3n del Cambio Global (IAI).<\\\/p>\"}}]}<\/script>\n\t\t\t\t\t<\/div>\n\t\t\t\t\t\t<\/div>\n\t\t\t\t<\/div>\n\t\t\t\t\t<\/div>\n\t\t<\/div>\n\t\t\t\t<div class=\"elementor-column elementor-col-20 elementor-inner-column elementor-element elementor-element-6c3c5cf\" data-id=\"6c3c5cf\" data-element_type=\"column\">\n\t\t\t<div class=\"elementor-widget-wrap elementor-element-populated\">\n\t\t\t\t\t\t<div class=\"elementor-element elementor-element-24e3b83 elementor-widget elementor-widget-image\" data-id=\"24e3b83\" data-element_type=\"widget\" data-widget_type=\"image.default\">\n\t\t\t\t<div class=\"elementor-widget-container\">\n\t\t\t\t\t\t\t\t\t\t\t\t\t\t\t<img loading=\"lazy\" decoding=\"async\" width=\"200\" height=\"230\" src=\"https:\/\/race.cr2.cl\/wp-content\/uploads\/2024\/08\/Laura_Gallardo2_200.jpg\" class=\"attachment-large size-large wp-image-791\" alt=\"\" \/>\t\t\t\t\t\t\t\t\t\t\t\t\t\t\t<\/div>\n\t\t\t\t<\/div>\n\t\t\t\t<div class=\"elementor-element elementor-element-01973ba elementor-widget elementor-widget-text-editor\" data-id=\"01973ba\" data-element_type=\"widget\" data-widget_type=\"text-editor.default\">\n\t\t\t\t<div class=\"elementor-widget-container\">\n\t\t\t\t\t\t\t\t\t<p>Investigadora adjunta<\/p>\t\t\t\t\t\t\t\t<\/div>\n\t\t\t\t<\/div>\n\t\t\t\t<div class=\"elementor-element elementor-element-6bcbf41 elementor-widget elementor-widget-toggle\" data-id=\"6bcbf41\" data-element_type=\"widget\" data-widget_type=\"toggle.default\">\n\t\t\t\t<div class=\"elementor-widget-container\">\n\t\t\t\t\t\t\t<div class=\"elementor-toggle\">\n\t\t\t\t\t\t\t<div class=\"elementor-toggle-item\">\n\t\t\t\t\t<div id=\"elementor-tab-title-1131\" class=\"elementor-tab-title\" data-tab=\"1\" role=\"button\" aria-controls=\"elementor-tab-content-1131\" aria-expanded=\"false\">\n\t\t\t\t\t\t\t\t\t\t\t\t<span class=\"elementor-toggle-icon elementor-toggle-icon-left\" aria-hidden=\"true\">\n\t\t\t\t\t\t\t\t\t\t\t\t\t\t\t<span class=\"elementor-toggle-icon-closed\"><svg class=\"e-font-icon-svg e-fas-caret-right\" viewBox=\"0 0 192 512\" xmlns=\"http:\/\/www.w3.org\/2000\/svg\"><path d=\"M0 384.662V127.338c0-17.818 21.543-26.741 34.142-14.142l128.662 128.662c7.81 7.81 7.81 20.474 0 28.284L34.142 398.804C21.543 411.404 0 402.48 0 384.662z\"><\/path><\/svg><\/span>\n\t\t\t\t\t\t\t\t<span class=\"elementor-toggle-icon-opened\"><svg class=\"elementor-toggle-icon-opened e-font-icon-svg e-fas-caret-up\" viewBox=\"0 0 320 512\" xmlns=\"http:\/\/www.w3.org\/2000\/svg\"><path d=\"M288.662 352H31.338c-17.818 0-26.741-21.543-14.142-34.142l128.662-128.662c7.81-7.81 20.474-7.81 28.284 0l128.662 128.662c12.6 12.599 3.676 34.142-14.142 34.142z\"><\/path><\/svg><\/span>\n\t\t\t\t\t\t\t\t\t\t\t\t\t<\/span>\n\t\t\t\t\t\t\t\t\t\t\t\t<a class=\"elementor-toggle-title\" tabindex=\"0\">Laura Gallardo<\/a>\n\t\t\t\t\t<\/div>\n\n\t\t\t\t\t<div id=\"elementor-tab-content-1131\" class=\"elementor-tab-content elementor-clearfix\" data-tab=\"1\" role=\"region\" aria-labelledby=\"elementor-tab-title-1131\"><p>Profesora titular del Departamento de Geof\u00edsica de la Facultad de Ciencias F\u00edsicas y Matem\u00e1ticas de la Universidad de Chile. Obtuvo un doctorado en Meteorolog\u00eda Qu\u00edmica en la Universidad de Estocolmo, Suecia. Fue asesora experta en la Comisi\u00f3n Nacional del Medio Ambiente (CONAMA) entre 1997 y 2001. Entre los a\u00f1os 2001 y 2012 fue investigadora asociada del Centro de Modelamiento Matem\u00e1tico. Sus l\u00edneas de investigaci\u00f3n son modelaci\u00f3n atmosf\u00e9rica y asimilaci\u00f3n de datos, calidad del aire en megaciudades y forzantes clim\u00e1ticos de vida media corta. Fue la primera directora del CR2, entre los a\u00f1os 2013 y 2019. Fue autora l\u00edder del Sexto Informe de Evaluaci\u00f3n (AR6) del Panel Intergubernamental sobre Cambio Clim\u00e1tico (IPCC) y, actualmente, es vicepresidenta del grupo II del IPCC.<\/p><\/div>\n\t\t\t\t<\/div>\n\t\t\t\t\t\t\t\t\t\t<script type=\"application\/ld+json\">{\"@context\":\"https:\\\/\\\/schema.org\",\"@type\":\"FAQPage\",\"mainEntity\":[{\"@type\":\"Question\",\"name\":\"Laura Gallardo\",\"acceptedAnswer\":{\"@type\":\"Answer\",\"text\":\"<p>Profesora titular del Departamento de Geof\\u00edsica de la Facultad de Ciencias F\\u00edsicas y Matem\\u00e1ticas de la Universidad de Chile. Obtuvo un doctorado en Meteorolog\\u00eda Qu\\u00edmica en la Universidad de Estocolmo, Suecia. Fue asesora experta en la Comisi\\u00f3n Nacional del Medio Ambiente (CONAMA) entre 1997 y 2001. Entre los a\\u00f1os 2001 y 2012 fue investigadora asociada del Centro de Modelamiento Matem\\u00e1tico. Sus l\\u00edneas de investigaci\\u00f3n son modelaci\\u00f3n atmosf\\u00e9rica y asimilaci\\u00f3n de datos, calidad del aire en megaciudades y forzantes clim\\u00e1ticos de vida media corta. Fue la primera directora del CR2, entre los a\\u00f1os 2013 y 2019. Fue autora l\\u00edder del Sexto Informe de Evaluaci\\u00f3n (AR6) del Panel Intergubernamental sobre Cambio Clim\\u00e1tico (IPCC) y, actualmente, es vicepresidenta del grupo II del IPCC.<\\\/p>\"}}]}<\/script>\n\t\t\t\t\t<\/div>\n\t\t\t\t\t\t<\/div>\n\t\t\t\t<\/div>\n\t\t\t\t\t<\/div>\n\t\t<\/div>\n\t\t\t\t\t<\/div>\n\t\t<\/section>\n\t\t\t\t<section class=\"elementor-section elementor-inner-section elementor-element elementor-element-cedaf4d elementor-section-boxed elementor-section-height-default elementor-section-height-default wpr-particle-no wpr-jarallax-no wpr-parallax-no wpr-sticky-section-no\" data-id=\"cedaf4d\" data-element_type=\"section\">\n\t\t\t\t\t\t<div class=\"elementor-container elementor-column-gap-extended\">\n\t\t\t\t\t<div class=\"elementor-column elementor-col-20 elementor-inner-column elementor-element elementor-element-eb73ce8\" data-id=\"eb73ce8\" data-element_type=\"column\">\n\t\t\t<div class=\"elementor-widget-wrap elementor-element-populated\">\n\t\t\t\t\t\t<div class=\"elementor-element elementor-element-6ba68ba elementor-widget elementor-widget-image\" data-id=\"6ba68ba\" data-element_type=\"widget\" data-widget_type=\"image.default\">\n\t\t\t\t<div class=\"elementor-widget-container\">\n\t\t\t\t\t\t\t\t\t\t\t\t\t\t\t<img loading=\"lazy\" decoding=\"async\" width=\"200\" height=\"230\" src=\"https:\/\/race.cr2.cl\/wp-content\/uploads\/2024\/08\/roxana-borquez2_200.jpg\" class=\"attachment-large size-large wp-image-795\" alt=\"\" \/>\t\t\t\t\t\t\t\t\t\t\t\t\t\t\t<\/div>\n\t\t\t\t<\/div>\n\t\t\t\t<div class=\"elementor-element elementor-element-f6bef58 elementor-widget elementor-widget-text-editor\" data-id=\"f6bef58\" data-element_type=\"widget\" data-widget_type=\"text-editor.default\">\n\t\t\t\t<div class=\"elementor-widget-container\">\n\t\t\t\t\t\t\t\t\t<p>Investigadora adjunta<\/p>\t\t\t\t\t\t\t\t<\/div>\n\t\t\t\t<\/div>\n\t\t\t\t<div class=\"elementor-element elementor-element-079d027 elementor-widget elementor-widget-toggle\" data-id=\"079d027\" data-element_type=\"widget\" data-widget_type=\"toggle.default\">\n\t\t\t\t<div class=\"elementor-widget-container\">\n\t\t\t\t\t\t\t<div class=\"elementor-toggle\">\n\t\t\t\t\t\t\t<div class=\"elementor-toggle-item\">\n\t\t\t\t\t<div id=\"elementor-tab-title-7981\" class=\"elementor-tab-title\" data-tab=\"1\" role=\"button\" aria-controls=\"elementor-tab-content-7981\" aria-expanded=\"false\">\n\t\t\t\t\t\t\t\t\t\t\t\t<span class=\"elementor-toggle-icon elementor-toggle-icon-left\" aria-hidden=\"true\">\n\t\t\t\t\t\t\t\t\t\t\t\t\t\t\t<span class=\"elementor-toggle-icon-closed\"><svg class=\"e-font-icon-svg e-fas-caret-right\" viewBox=\"0 0 192 512\" xmlns=\"http:\/\/www.w3.org\/2000\/svg\"><path d=\"M0 384.662V127.338c0-17.818 21.543-26.741 34.142-14.142l128.662 128.662c7.81 7.81 7.81 20.474 0 28.284L34.142 398.804C21.543 411.404 0 402.48 0 384.662z\"><\/path><\/svg><\/span>\n\t\t\t\t\t\t\t\t<span class=\"elementor-toggle-icon-opened\"><svg class=\"elementor-toggle-icon-opened e-font-icon-svg e-fas-caret-up\" viewBox=\"0 0 320 512\" xmlns=\"http:\/\/www.w3.org\/2000\/svg\"><path d=\"M288.662 352H31.338c-17.818 0-26.741-21.543-14.142-34.142l128.662-128.662c7.81-7.81 20.474-7.81 28.284 0l128.662 128.662c12.6 12.599 3.676 34.142-14.142 34.142z\"><\/path><\/svg><\/span>\n\t\t\t\t\t\t\t\t\t\t\t\t\t<\/span>\n\t\t\t\t\t\t\t\t\t\t\t\t<a class=\"elementor-toggle-title\" tabindex=\"0\">Roxana B\u00f3rquez<\/a>\n\t\t\t\t\t<\/div>\n\n\t\t\t\t\t<div id=\"elementor-tab-content-7981\" class=\"elementor-tab-content elementor-clearfix\" data-tab=\"1\" role=\"region\" aria-labelledby=\"elementor-tab-title-7981\"><p>Acad\u00e9mica de la Facultad de Ciencias Agron\u00f3micas de la Universidad de Chile. Es ingeniera en Recursos Naturales, y master en Gesti\u00f3n y Pol\u00edticas P\u00fablicas de la misma casa de estudios. Cuenta con un PhD en Geograf\u00eda y Estudios de Pol\u00edtica del King\u2019s College London, Reino Unido. Tiene experiencia como investigadora y consultora, trabajando con equipos nacionales e internacionales. Su investigaci\u00f3n ha estado focalizada en coproducci\u00f3n de conocimientos, la interfaz ciencia-pol\u00edtica-sociedad y la gobernanza en \u00e1reas como adaptaci\u00f3n y resiliencia al cambio clim\u00e1tico, agua, glaciares y energ\u00eda. Fue autora colaboradora del Informe Especial sobre el Oc\u00e9ano y la Cri\u00f3sfera en un Clima Cambiante, del IPCC.<\/p><\/div>\n\t\t\t\t<\/div>\n\t\t\t\t\t\t\t\t\t\t<script type=\"application\/ld+json\">{\"@context\":\"https:\\\/\\\/schema.org\",\"@type\":\"FAQPage\",\"mainEntity\":[{\"@type\":\"Question\",\"name\":\"Roxana B\\u00f3rquez\",\"acceptedAnswer\":{\"@type\":\"Answer\",\"text\":\"<p>Acad\\u00e9mica de la Facultad de Ciencias Agron\\u00f3micas de la Universidad de Chile. Es ingeniera en Recursos Naturales, y master en Gesti\\u00f3n y Pol\\u00edticas P\\u00fablicas de la misma casa de estudios. Cuenta con un PhD en Geograf\\u00eda y Estudios de Pol\\u00edtica del King\\u2019s College London, Reino Unido. Tiene experiencia como investigadora y consultora, trabajando con equipos nacionales e internacionales. Su investigaci\\u00f3n ha estado focalizada en coproducci\\u00f3n de conocimientos, la interfaz ciencia-pol\\u00edtica-sociedad y la gobernanza en \\u00e1reas como adaptaci\\u00f3n y resiliencia al cambio clim\\u00e1tico, agua, glaciares y energ\\u00eda. Fue autora colaboradora del Informe Especial sobre el Oc\\u00e9ano y la Cri\\u00f3sfera en un Clima Cambiante, del IPCC.<\\\/p>\"}}]}<\/script>\n\t\t\t\t\t<\/div>\n\t\t\t\t\t\t<\/div>\n\t\t\t\t<\/div>\n\t\t\t\t\t<\/div>\n\t\t<\/div>\n\t\t\t\t<div class=\"elementor-column elementor-col-20 elementor-inner-column elementor-element elementor-element-51ce1b8\" data-id=\"51ce1b8\" data-element_type=\"column\">\n\t\t\t<div class=\"elementor-widget-wrap elementor-element-populated\">\n\t\t\t\t\t\t<div class=\"elementor-element elementor-element-271f7dd elementor-widget elementor-widget-image\" data-id=\"271f7dd\" data-element_type=\"widget\" data-widget_type=\"image.default\">\n\t\t\t\t<div class=\"elementor-widget-container\">\n\t\t\t\t\t\t\t\t\t\t\t\t\t\t\t<img loading=\"lazy\" decoding=\"async\" width=\"200\" height=\"230\" src=\"https:\/\/race.cr2.cl\/wp-content\/uploads\/2024\/10\/Susana_Bustos200.jpg\" class=\"attachment-large size-large wp-image-944\" alt=\"\" \/>\t\t\t\t\t\t\t\t\t\t\t\t\t\t\t<\/div>\n\t\t\t\t<\/div>\n\t\t\t\t<div class=\"elementor-element elementor-element-c074f8b elementor-widget elementor-widget-text-editor\" data-id=\"c074f8b\" data-element_type=\"widget\" data-widget_type=\"text-editor.default\">\n\t\t\t\t<div class=\"elementor-widget-container\">\n\t\t\t\t\t\t\t\t\t<p>Directora gesti\u00f3n y vinculaci\u00f3n<\/p>\t\t\t\t\t\t\t\t<\/div>\n\t\t\t\t<\/div>\n\t\t\t\t<div class=\"elementor-element elementor-element-ea6f307 elementor-widget elementor-widget-toggle\" data-id=\"ea6f307\" data-element_type=\"widget\" data-widget_type=\"toggle.default\">\n\t\t\t\t<div class=\"elementor-widget-container\">\n\t\t\t\t\t\t\t<div class=\"elementor-toggle\">\n\t\t\t\t\t\t\t<div class=\"elementor-toggle-item\">\n\t\t\t\t\t<div id=\"elementor-tab-title-2451\" class=\"elementor-tab-title\" data-tab=\"1\" role=\"button\" aria-controls=\"elementor-tab-content-2451\" aria-expanded=\"false\">\n\t\t\t\t\t\t\t\t\t\t\t\t<span class=\"elementor-toggle-icon elementor-toggle-icon-left\" aria-hidden=\"true\">\n\t\t\t\t\t\t\t\t\t\t\t\t\t\t\t<span class=\"elementor-toggle-icon-closed\"><svg class=\"e-font-icon-svg e-fas-caret-right\" viewBox=\"0 0 192 512\" xmlns=\"http:\/\/www.w3.org\/2000\/svg\"><path d=\"M0 384.662V127.338c0-17.818 21.543-26.741 34.142-14.142l128.662 128.662c7.81 7.81 7.81 20.474 0 28.284L34.142 398.804C21.543 411.404 0 402.48 0 384.662z\"><\/path><\/svg><\/span>\n\t\t\t\t\t\t\t\t<span class=\"elementor-toggle-icon-opened\"><svg class=\"elementor-toggle-icon-opened e-font-icon-svg e-fas-caret-up\" viewBox=\"0 0 320 512\" xmlns=\"http:\/\/www.w3.org\/2000\/svg\"><path d=\"M288.662 352H31.338c-17.818 0-26.741-21.543-14.142-34.142l128.662-128.662c7.81-7.81 20.474-7.81 28.284 0l128.662 128.662c12.6 12.599 3.676 34.142-14.142 34.142z\"><\/path><\/svg><\/span>\n\t\t\t\t\t\t\t\t\t\t\t\t\t<\/span>\n\t\t\t\t\t\t\t\t\t\t\t\t<a class=\"elementor-toggle-title\" tabindex=\"0\">Susana Bustos<\/a>\n\t\t\t\t\t<\/div>\n\n\t\t\t\t\t<div id=\"elementor-tab-content-2451\" class=\"elementor-tab-content elementor-clearfix\" data-tab=\"1\" role=\"region\" aria-labelledby=\"elementor-tab-title-2451\"><p>Ingeniera Civil Industrial de la Universidad de Chile, Gesti\u00f3n de proyectos financiados con fondos europeos de ESADE Business School. Recientemente se ha capacitado y participado en la preparaci\u00f3n de propuestas para Horizon Europe en el Max Planck Institute for Meteorology.<br \/>Actualmente es responsable de la coordinaci\u00f3n y la supervisi\u00f3n del cumplimiento de objetivos y tareas del equipo de gesti\u00f3n. Adicionalmente apoya al directorio en la conducci\u00f3n estrat\u00e9gica del centro, es responsable de fortalecer los v\u00ednculos con actores del sector p\u00fablico-privado y la academia, y de la creaci\u00f3n de nuevas relaciones con actores estrat\u00e9gicos a nivel nacional e internacional.<br \/>Actualmente integra el directorio de La Fundaci\u00f3n para la Transferencia Tecnol\u00f3gica \u2013 UNTEC.<\/p><\/div>\n\t\t\t\t<\/div>\n\t\t\t\t\t\t\t\t\t\t<script type=\"application\/ld+json\">{\"@context\":\"https:\\\/\\\/schema.org\",\"@type\":\"FAQPage\",\"mainEntity\":[{\"@type\":\"Question\",\"name\":\"Susana Bustos\",\"acceptedAnswer\":{\"@type\":\"Answer\",\"text\":\"<p>Ingeniera Civil Industrial de la Universidad de Chile, Gesti\\u00f3n de proyectos financiados con fondos europeos de ESADE Business School. Recientemente se ha capacitado y participado en la preparaci\\u00f3n de propuestas para Horizon Europe en el Max Planck Institute for Meteorology.<br \\\/>Actualmente es responsable de la coordinaci\\u00f3n y la supervisi\\u00f3n del cumplimiento de objetivos y tareas del equipo de gesti\\u00f3n. Adicionalmente apoya al directorio en la conducci\\u00f3n estrat\\u00e9gica del centro, es responsable de fortalecer los v\\u00ednculos con actores del sector p\\u00fablico-privado y la academia, y de la creaci\\u00f3n de nuevas relaciones con actores estrat\\u00e9gicos a nivel nacional e internacional.<br \\\/>Actualmente integra el directorio de La Fundaci\\u00f3n para la Transferencia Tecnol\\u00f3gica \\u2013 UNTEC.<\\\/p>\"}}]}<\/script>\n\t\t\t\t\t<\/div>\n\t\t\t\t\t\t<\/div>\n\t\t\t\t<\/div>\n\t\t\t\t\t<\/div>\n\t\t<\/div>\n\t\t\t\t<div class=\"elementor-column elementor-col-20 elementor-inner-column elementor-element elementor-element-fc78ea1\" data-id=\"fc78ea1\" data-element_type=\"column\">\n\t\t\t<div class=\"elementor-widget-wrap\">\n\t\t\t\t\t\t\t<\/div>\n\t\t<\/div>\n\t\t\t\t<div class=\"elementor-column elementor-col-20 elementor-inner-column elementor-element elementor-element-49aa6f7\" data-id=\"49aa6f7\" data-element_type=\"column\">\n\t\t\t<div class=\"elementor-widget-wrap\">\n\t\t\t\t\t\t\t<\/div>\n\t\t<\/div>\n\t\t\t\t<div class=\"elementor-column elementor-col-20 elementor-inner-column elementor-element elementor-element-dcf30b0\" data-id=\"dcf30b0\" data-element_type=\"column\">\n\t\t\t<div class=\"elementor-widget-wrap\">\n\t\t\t\t\t\t\t<\/div>\n\t\t<\/div>\n\t\t\t\t\t<\/div>\n\t\t<\/section>\n\t\t\t\t\t<\/div>\n\t\t<\/div>\n\t\t\t\t\t<\/div>\n\t\t<\/section>\n\t\t\t\t<section class=\"elementor-section elementor-top-section elementor-element elementor-element-76c05f4 elementor-section-boxed elementor-section-height-default elementor-section-height-default wpr-particle-no wpr-jarallax-no wpr-parallax-no wpr-sticky-section-no\" data-id=\"76c05f4\" data-element_type=\"section\" id=\"documentos\">\n\t\t\t\t\t\t<div class=\"elementor-container elementor-column-gap-default\">\n\t\t\t\t\t<div class=\"elementor-column elementor-col-100 elementor-top-column elementor-element elementor-element-48fa097\" data-id=\"48fa097\" data-element_type=\"column\">\n\t\t\t<div class=\"elementor-widget-wrap elementor-element-populated\">\n\t\t\t\t\t\t<div class=\"elementor-element elementor-element-c149656 elementor-widget elementor-widget-heading\" data-id=\"c149656\" data-element_type=\"widget\" data-widget_type=\"heading.default\">\n\t\t\t\t<div class=\"elementor-widget-container\">\n\t\t\t\t\t<h2 class=\"elementor-heading-title elementor-size-default\">Documentaci\u00f3n<\/h2>\t\t\t\t<\/div>\n\t\t\t\t<\/div>\n\t\t\t\t<div class=\"elementor-element elementor-element-0451427 elementor-widget-divider--view-line elementor-widget elementor-widget-divider\" data-id=\"0451427\" data-element_type=\"widget\" data-widget_type=\"divider.default\">\n\t\t\t\t<div class=\"elementor-widget-container\">\n\t\t\t\t\t\t\t<div class=\"elementor-divider\">\n\t\t\t<span class=\"elementor-divider-separator\">\n\t\t\t\t\t\t<\/span>\n\t\t<\/div>\n\t\t\t\t\t\t<\/div>\n\t\t\t\t<\/div>\n\t\t\t\t<div class=\"elementor-element elementor-element-cad240a elementor-widget elementor-widget-heading\" data-id=\"cad240a\" data-element_type=\"widget\" data-widget_type=\"heading.default\">\n\t\t\t\t<div class=\"elementor-widget-container\">\n\t\t\t\t\t<h2 class=\"elementor-heading-title elementor-size-default\">Documentos<\/h2>\t\t\t\t<\/div>\n\t\t\t\t<\/div>\n\t\t\t\t<section class=\"elementor-section elementor-inner-section elementor-element elementor-element-d239f06 elementor-section-boxed elementor-section-height-default elementor-section-height-default wpr-particle-no wpr-jarallax-no wpr-parallax-no wpr-sticky-section-no\" data-id=\"d239f06\" data-element_type=\"section\">\n\t\t\t\t\t\t<div class=\"elementor-container elementor-column-gap-wide\">\n\t\t\t\t\t<div class=\"elementor-column elementor-col-16 elementor-inner-column elementor-element elementor-element-97bb0f5\" data-id=\"97bb0f5\" data-element_type=\"column\">\n\t\t\t<div class=\"elementor-widget-wrap elementor-element-populated\">\n\t\t\t\t\t\t<div class=\"elementor-element elementor-element-056db38 elementor-widget elementor-widget-image\" data-id=\"056db38\" data-element_type=\"widget\" data-widget_type=\"image.default\">\n\t\t\t\t<div class=\"elementor-widget-container\">\n\t\t\t\t\t\t\t\t\t\t\t\t\t\t\t\t<a href=\"https:\/\/www.cr2.cl\/wp-content\/uploads\/2024\/08\/3_RTR-report-2023.pdf\" target=\"_blank\">\n\t\t\t\t\t\t\t<img loading=\"lazy\" decoding=\"async\" width=\"600\" height=\"815\" src=\"https:\/\/race.cr2.cl\/wp-content\/uploads\/2024\/08\/libro1.png\" class=\"attachment-large size-large wp-image-829\" alt=\"\" srcset=\"https:\/\/race.cr2.cl\/wp-content\/uploads\/2024\/08\/libro1.png 600w, https:\/\/race.cr2.cl\/wp-content\/uploads\/2024\/08\/libro1-221x300.png 221w\" sizes=\"(max-width: 600px) 100vw, 600px\" \/>\t\t\t\t\t\t\t\t<\/a>\n\t\t\t\t\t\t\t\t\t\t\t\t\t\t\t<\/div>\n\t\t\t\t<\/div>\n\t\t\t\t\t<\/div>\n\t\t<\/div>\n\t\t\t\t<div class=\"elementor-column elementor-col-16 elementor-inner-column elementor-element elementor-element-21d1061\" data-id=\"21d1061\" data-element_type=\"column\">\n\t\t\t<div class=\"elementor-widget-wrap elementor-element-populated\">\n\t\t\t\t\t\t<div class=\"elementor-element elementor-element-23e66c1 elementor-widget elementor-widget-image\" data-id=\"23e66c1\" data-element_type=\"widget\" data-widget_type=\"image.default\">\n\t\t\t\t<div class=\"elementor-widget-container\">\n\t\t\t\t\t\t\t\t\t\t\t\t\t\t\t\t<a href=\"https:\/\/www.cr2.cl\/wp-content\/uploads\/2024\/08\/Practical_Guide.pdf\" target=\"_blank\">\n\t\t\t\t\t\t\t<img loading=\"lazy\" decoding=\"async\" width=\"600\" height=\"815\" src=\"https:\/\/race.cr2.cl\/wp-content\/uploads\/2024\/08\/libro2.png\" class=\"attachment-large size-large wp-image-830\" alt=\"\" srcset=\"https:\/\/race.cr2.cl\/wp-content\/uploads\/2024\/08\/libro2.png 600w, https:\/\/race.cr2.cl\/wp-content\/uploads\/2024\/08\/libro2-221x300.png 221w\" sizes=\"(max-width: 600px) 100vw, 600px\" \/>\t\t\t\t\t\t\t\t<\/a>\n\t\t\t\t\t\t\t\t\t\t\t\t\t\t\t<\/div>\n\t\t\t\t<\/div>\n\t\t\t\t\t<\/div>\n\t\t<\/div>\n\t\t\t\t<div class=\"elementor-column elementor-col-16 elementor-inner-column elementor-element elementor-element-fd17a64\" data-id=\"fd17a64\" data-element_type=\"column\">\n\t\t\t<div class=\"elementor-widget-wrap elementor-element-populated\">\n\t\t\t\t\t\t<div class=\"elementor-element elementor-element-59816fe elementor-widget elementor-widget-image\" data-id=\"59816fe\" data-element_type=\"widget\" data-widget_type=\"image.default\">\n\t\t\t\t<div class=\"elementor-widget-container\">\n\t\t\t\t\t\t\t\t\t\t\t\t\t\t\t\t<a href=\"https:\/\/race.cr2.cl\/wp-content\/uploads\/2024\/08\/RtR-Metrics-Framework-2023.pdf\" target=\"_blank\">\n\t\t\t\t\t\t\t<img loading=\"lazy\" decoding=\"async\" width=\"600\" height=\"815\" src=\"https:\/\/race.cr2.cl\/wp-content\/uploads\/2024\/08\/libro3.png\" class=\"attachment-large size-large wp-image-831\" alt=\"\" srcset=\"https:\/\/race.cr2.cl\/wp-content\/uploads\/2024\/08\/libro3.png 600w, https:\/\/race.cr2.cl\/wp-content\/uploads\/2024\/08\/libro3-221x300.png 221w\" sizes=\"(max-width: 600px) 100vw, 600px\" \/>\t\t\t\t\t\t\t\t<\/a>\n\t\t\t\t\t\t\t\t\t\t\t\t\t\t\t<\/div>\n\t\t\t\t<\/div>\n\t\t\t\t\t<\/div>\n\t\t<\/div>\n\t\t\t\t<div class=\"elementor-column elementor-col-16 elementor-inner-column elementor-element elementor-element-f90653e\" data-id=\"f90653e\" data-element_type=\"column\">\n\t\t\t<div class=\"elementor-widget-wrap elementor-element-populated\">\n\t\t\t\t\t\t<div class=\"elementor-element elementor-element-c8e02e1 elementor-widget elementor-widget-image\" data-id=\"c8e02e1\" data-element_type=\"widget\" data-widget_type=\"image.default\">\n\t\t\t\t<div class=\"elementor-widget-container\">\n\t\t\t\t\t\t\t\t\t\t\t\t\t\t\t\t<a href=\"https:\/\/www.climatechampions.net\/media\/gdzd3id4\/recognising-enabling-conditions-for-adaptation-and-resilience.pdf\" target=\"_blank\">\n\t\t\t\t\t\t\t<img loading=\"lazy\" decoding=\"async\" width=\"754\" height=\"1024\" src=\"https:\/\/race.cr2.cl\/wp-content\/uploads\/2025\/06\/libro4-754x1024.png\" class=\"attachment-large size-large wp-image-979\" alt=\"\" srcset=\"https:\/\/race.cr2.cl\/wp-content\/uploads\/2025\/06\/libro4-754x1024.png 754w, https:\/\/race.cr2.cl\/wp-content\/uploads\/2025\/06\/libro4-221x300.png 221w, https:\/\/race.cr2.cl\/wp-content\/uploads\/2025\/06\/libro4-768x1044.png 768w, https:\/\/race.cr2.cl\/wp-content\/uploads\/2025\/06\/libro4.png 800w\" sizes=\"(max-width: 754px) 100vw, 754px\" \/>\t\t\t\t\t\t\t\t<\/a>\n\t\t\t\t\t\t\t\t\t\t\t\t\t\t\t<\/div>\n\t\t\t\t<\/div>\n\t\t\t\t\t<\/div>\n\t\t<\/div>\n\t\t\t\t<div class=\"elementor-column elementor-col-16 elementor-inner-column elementor-element elementor-element-4bf6f1b\" data-id=\"4bf6f1b\" data-element_type=\"column\">\n\t\t\t<div class=\"elementor-widget-wrap elementor-element-populated\">\n\t\t\t\t\t\t<div class=\"elementor-element elementor-element-a344933 elementor-widget elementor-widget-image\" data-id=\"a344933\" data-element_type=\"widget\" data-widget_type=\"image.default\">\n\t\t\t\t<div class=\"elementor-widget-container\">\n\t\t\t\t\t\t\t\t\t\t\t\t\t\t\t\t<a href=\"https:\/\/www.cr2.cl\/wp-content\/uploads\/2025\/07\/race-to-resilience-in-action-2024-update.pdf\" target=\"_blank\">\n\t\t\t\t\t\t\t<img loading=\"lazy\" decoding=\"async\" width=\"754\" height=\"1024\" src=\"https:\/\/race.cr2.cl\/wp-content\/uploads\/2025\/07\/libro5-754x1024.jpg\" class=\"attachment-large size-large wp-image-989\" alt=\"\" srcset=\"https:\/\/race.cr2.cl\/wp-content\/uploads\/2025\/07\/libro5-754x1024.jpg 754w, https:\/\/race.cr2.cl\/wp-content\/uploads\/2025\/07\/libro5-221x300.jpg 221w, https:\/\/race.cr2.cl\/wp-content\/uploads\/2025\/07\/libro5-768x1043.jpg 768w, https:\/\/race.cr2.cl\/wp-content\/uploads\/2025\/07\/libro5-1131x1536.jpg 1131w, https:\/\/race.cr2.cl\/wp-content\/uploads\/2025\/07\/libro5.jpg 1200w\" sizes=\"(max-width: 754px) 100vw, 754px\" \/>\t\t\t\t\t\t\t\t<\/a>\n\t\t\t\t\t\t\t\t\t\t\t\t\t\t\t<\/div>\n\t\t\t\t<\/div>\n\t\t\t\t\t<\/div>\n\t\t<\/div>\n\t\t\t\t<div class=\"elementor-column elementor-col-16 elementor-inner-column elementor-element elementor-element-ce57708\" data-id=\"ce57708\" data-element_type=\"column\">\n\t\t\t<div class=\"elementor-widget-wrap\">\n\t\t\t\t\t\t\t<\/div>\n\t\t<\/div>\n\t\t\t\t\t<\/div>\n\t\t<\/section>\n\t\t\t\t<div class=\"elementor-element elementor-element-c6cf888 elementor-widget elementor-widget-heading\" data-id=\"c6cf888\" data-element_type=\"widget\" data-widget_type=\"heading.default\">\n\t\t\t\t<div class=\"elementor-widget-container\">\n\t\t\t\t\t<h2 class=\"elementor-heading-title elementor-size-default\">Plataforma<\/h2>\t\t\t\t<\/div>\n\t\t\t\t<\/div>\n\t\t\t\t<section class=\"elementor-section elementor-inner-section elementor-element elementor-element-1a7db01 elementor-section-boxed elementor-section-height-default elementor-section-height-default wpr-particle-no wpr-jarallax-no wpr-parallax-no wpr-sticky-section-no\" data-id=\"1a7db01\" data-element_type=\"section\">\n\t\t\t\t\t\t<div class=\"elementor-container elementor-column-gap-wide\">\n\t\t\t\t\t<div class=\"elementor-column elementor-col-20 elementor-inner-column elementor-element elementor-element-71e0c1f\" data-id=\"71e0c1f\" data-element_type=\"column\">\n\t\t\t<div class=\"elementor-widget-wrap elementor-element-populated\">\n\t\t\t\t\t\t<div class=\"elementor-element elementor-element-5bb1017 elementor-widget elementor-widget-image\" data-id=\"5bb1017\" data-element_type=\"widget\" data-widget_type=\"image.default\">\n\t\t\t\t<div class=\"elementor-widget-container\">\n\t\t\t\t\t\t\t\t\t\t\t\t\t\t\t\t<a href=\"https:\/\/rtrdataexplorer.streamlit.app\/\" target=\"_blank\">\n\t\t\t\t\t\t\t<img loading=\"lazy\" decoding=\"async\" width=\"800\" height=\"548\" src=\"https:\/\/race.cr2.cl\/wp-content\/uploads\/2024\/08\/plataforma.jpg\" class=\"attachment-large size-large wp-image-832\" alt=\"\" srcset=\"https:\/\/race.cr2.cl\/wp-content\/uploads\/2024\/08\/plataforma.jpg 800w, https:\/\/race.cr2.cl\/wp-content\/uploads\/2024\/08\/plataforma-300x206.jpg 300w, https:\/\/race.cr2.cl\/wp-content\/uploads\/2024\/08\/plataforma-768x526.jpg 768w\" sizes=\"(max-width: 800px) 100vw, 800px\" \/>\t\t\t\t\t\t\t\t<\/a>\n\t\t\t\t\t\t\t\t\t\t\t\t\t\t\t<\/div>\n\t\t\t\t<\/div>\n\t\t\t\t\t<\/div>\n\t\t<\/div>\n\t\t\t\t<div class=\"elementor-column elementor-col-20 elementor-inner-column elementor-element elementor-element-e25d1c0\" data-id=\"e25d1c0\" data-element_type=\"column\">\n\t\t\t<div class=\"elementor-widget-wrap\">\n\t\t\t\t\t\t\t<\/div>\n\t\t<\/div>\n\t\t\t\t<div class=\"elementor-column elementor-col-20 elementor-inner-column elementor-element elementor-element-b3492fd\" data-id=\"b3492fd\" data-element_type=\"column\">\n\t\t\t<div class=\"elementor-widget-wrap\">\n\t\t\t\t\t\t\t<\/div>\n\t\t<\/div>\n\t\t\t\t<div class=\"elementor-column elementor-col-20 elementor-inner-column elementor-element elementor-element-ac880cc\" data-id=\"ac880cc\" data-element_type=\"column\">\n\t\t\t<div class=\"elementor-widget-wrap\">\n\t\t\t\t\t\t\t<\/div>\n\t\t<\/div>\n\t\t\t\t<div class=\"elementor-column elementor-col-20 elementor-inner-column elementor-element elementor-element-1aa1407\" data-id=\"1aa1407\" data-element_type=\"column\">\n\t\t\t<div class=\"elementor-widget-wrap\">\n\t\t\t\t\t\t\t<\/div>\n\t\t<\/div>\n\t\t\t\t\t<\/div>\n\t\t<\/section>\n\t\t\t\t\t<\/div>\n\t\t<\/div>\n\t\t\t\t\t<\/div>\n\t\t<\/section>\n\t\t\t\t<section class=\"elementor-section elementor-top-section elementor-element elementor-element-e4efee6 elementor-section-boxed elementor-section-height-default elementor-section-height-default wpr-particle-no wpr-parallax-no wpr-sticky-section-no\" data-id=\"e4efee6\" data-element_type=\"section\" id=\"contacto\" data-settings=\"{&quot;background_background&quot;:&quot;classic&quot;}\">\n\t\t\t\t\t\t\t<div class=\"elementor-background-overlay\"><\/div>\n\t\t\t\t\t\t\t<div class=\"elementor-container elementor-column-gap-default\">\n\t\t\t\t\t<div class=\"elementor-column elementor-col-100 elementor-top-column elementor-element elementor-element-8ae1d0c\" data-id=\"8ae1d0c\" data-element_type=\"column\">\n\t\t\t<div class=\"elementor-widget-wrap elementor-element-populated\">\n\t\t\t\t\t\t<div class=\"elementor-element elementor-element-52686fb elementor-widget elementor-widget-heading\" data-id=\"52686fb\" data-element_type=\"widget\" data-widget_type=\"heading.default\">\n\t\t\t\t<div class=\"elementor-widget-container\">\n\t\t\t\t\t<h2 class=\"elementor-heading-title elementor-size-default\">Contacto<\/h2>\t\t\t\t<\/div>\n\t\t\t\t<\/div>\n\t\t\t\t<div class=\"elementor-element elementor-element-9d01ba2 elementor-widget-divider--view-line elementor-widget elementor-widget-divider\" data-id=\"9d01ba2\" data-element_type=\"widget\" data-widget_type=\"divider.default\">\n\t\t\t\t<div class=\"elementor-widget-container\">\n\t\t\t\t\t\t\t<div class=\"elementor-divider\">\n\t\t\t<span class=\"elementor-divider-separator\">\n\t\t\t\t\t\t<\/span>\n\t\t<\/div>\n\t\t\t\t\t\t<\/div>\n\t\t\t\t<\/div>\n\t\t\t\t<div class=\"elementor-element elementor-element-7af7d20 elementor-widget elementor-widget-text-editor\" data-id=\"7af7d20\" data-element_type=\"widget\" data-widget_type=\"text-editor.default\">\n\t\t\t\t<div class=\"elementor-widget-container\">\n\t\t\t\t\t\t\t\t\t<h3>Laura Ramajo<\/h3><p><strong>Gerente de Proyecto y L\u00edder de Investigaci\u00f3n en Resiliencia<\/strong><\/p>\t\t\t\t\t\t\t\t<\/div>\n\t\t\t\t<\/div>\n\t\t\t\t<div class=\"elementor-element elementor-element-266d290 wpr-button-icon-style-inline wpr-button-icon-position-right elementor-widget elementor-widget-wpr-button\" data-id=\"266d290\" data-element_type=\"widget\" data-widget_type=\"wpr-button.default\">\n\t\t\t\t<div class=\"elementor-widget-container\">\n\t\t\t\t\t\t\n\t\t\t\n\t\t\n\t\t<div class=\"wpr-button-wrap elementor-clearfix\">\n\t\t<a class=\"wpr-button wpr-button-effect wpr-button-none\" data-text=\"\" href=\"mailto:%20lauraramajo@climatechampions.team\">\n\t\t\t\n\t\t\t<span class=\"wpr-button-content\">\n\t\t\t\t\t\t\t\t\t<span class=\"wpr-button-text\">Enviar correo<\/span>\n\t\t\t\t\t\t\t\t\n\t\t\t\t\t\t\t<\/span>\n\t\t<\/a>\n\n\t\t\t\t<\/div>\n\t\n\t\n\t\t\t\t\t<\/div>\n\t\t\t\t<\/div>\n\t\t\t\t\t<\/div>\n\t\t<\/div>\n\t\t\t\t\t<\/div>\n\t\t<\/section>\n\t\t\t\t<\/div>\n\t\t","protected":false},"excerpt":{"rendered":"<p>PROYECTO RACE TO RESILIENCE JUNTO AL CENTRO DE CIENCIA DEL CLIMA Y LA RESILIENCIA CR2 Forjando resiliencia para 4 mil millones de personas para el a\u00f1o 2030 | Descripci\u00f3n Race to Resilience, campa\u00f1a hermana de Race to Zero, fue lanzada por los High-Level Climate Champions de Naciones Unidas en la Cumbre de Adaptaci\u00f3n Clim\u00e1tica de 2021 para reunir a actores no estatales, inversores, empresas, ciudades, regiones y la sociedad civil con el objetivo de aumentar la resiliencia de 4 mil millones personas vulnerables a la crisis clim\u00e1tica a nivel mundial para el a\u00f1o 2030. La campa\u00f1a propone\u00a0catalizar un cambio radical\u00a0en la ambici\u00f3n global, poniendo a las personas y la naturaleza primero en la b\u00fasqueda de un mundo resiliente a la crisis clim\u00e1tica. A trav\u00e9s de una asociaci\u00f3n de iniciativas, Race to Resilience se enfoca en ayudar a las comunidades a construir resiliencia y adaptarse a los impactos del cambio clim\u00e1tico, como el calor extremo, la sequ\u00eda, las inundaciones y el aumento del nivel del mar. El a\u00f1o 2021, el CR2 asume la secretar\u00eda t\u00e9cnica de esta campa\u00f1a.\u00a0 Secretar\u00eda t\u00e9cnica La secretar\u00eda t\u00e9cnica es un \u00f3rgano aut\u00f3nomo, parte integral de Race to Resilience, que desempe\u00f1a los siguientes roles y funciones: Brindar asesoramiento estrat\u00e9gico, cient\u00edfico y t\u00e9cnico sobre el seguimiento, la evaluaci\u00f3n y la medici\u00f3n del aumento de la resiliencia. Ser la secretar\u00eda t\u00e9cnica del Grupo Asesor de la campa\u00f1a que est\u00e1 compuesto por el Grupo de Revisi\u00f3n de Expertos y del Grupo de Asesoramiento Metodol\u00f3gico. Garantizar la credibilidad, la transparencia y la solidez de los compromisos de la campa\u00f1a Race to Resilience y sus socios. Velar que el proceso sea transparente. Equipo secretar\u00eda t\u00e9cnica L\u00edder de la Secretar\u00eda T\u00e9cnica Marco Billi Marco Billi es profesor en el Departamento de Gesti\u00f3n Rural e Innovaci\u00f3n de la Facultad de Ciencias Agron\u00f3micas de la Universidad de Chile. Tiene una licenciatura y una maestr\u00eda en Econom\u00eda de la Universit\u00e1 Commerciale Luigi Bocconi, Italia, y un mag\u00edster en An\u00e1lisis Sist\u00e9mico Aplicado a la Sociedad por la Universidad de Chile. Obtuvo su doctorado en Procesos e Instituciones Pol\u00edticas en la Universidad Adolfo Ib\u00e1\u00f1ez, Chile. Es un investigador interdisciplinario con experiencia tanto en investigaci\u00f3n acad\u00e9mica como en consultor\u00eda en Chile, Am\u00e9rica Latina y Europa. Es investigador en el Centro de Ciencia del Clima y la Resiliencia CR2, Chile, y actualmente es el L\u00edder T\u00e9cnico de la Secretar\u00eda T\u00e9cnica de la campa\u00f1a Race to Resilience, alojada en el CR2. Su investigaci\u00f3n se centra en el an\u00e1lisis de riesgos, la construcci\u00f3n de resiliencia, la gobernanza y la interfaz ciencia-pol\u00edtica, con un enfoque particular en el cambio clim\u00e1tico y la seguridad h\u00eddrica, energ\u00e9tica y alimentaria. Fue autor colaborador de la 4\u00aa Comunicaci\u00f3n Nacional de Chile para la CMNUCC y revisor experto del informe del IPCC \u201cCambio Clim\u00e1tico 2022: Impactos, Adaptaci\u00f3n y Vulnerabilidad\u201d. Gerente de Proyecto y L\u00edder de Investigaci\u00f3n en Resiliencia Laura Ramajo Laura Ramajo es investigadora del Centro de Ciencia del Clima y la Resiliencia CR2, Chile. Tiene un doctorado en Cambio Global del Instituto Mediterr\u00e1neo de Estudios Avanzados (IMEDEA-CSIC), Espa\u00f1a. Tiene una licenciatura en Ciencias con especializaci\u00f3n en Biolog\u00eda de la Universidad de Chile y una maestr\u00eda en Ecolog\u00eda de Universidad Aut\u00f3noma de Madrid, Espa\u00f1a. Con varios a\u00f1os de experiencia, Laura se especializa en riesgos, adaptaci\u00f3n y resiliencia en sistemas marinos y costeros, cerrando la brecha entre la ciencia, la pol\u00edtica y la toma de decisiones tanto en el sector p\u00fablico como en el privado. L\u00edder de Alineaci\u00f3n de Socios Paz C\u00e1rdenas Paz es titulada en Sociolog\u00eda por la Universidad de Chile, con estudios culturales en la Universitat de Barcelona. Actualmente cursando el mag\u00edster 4Cities: Erasmus Mundus Joint Master in Urban Studies, un programa conjunto de 6 universidades europeas. Especializada en sociolog\u00eda organizacional, con enfoque en desastres socionaturales y resiliencia ante el cambio clim\u00e1tico. Experta en m\u00e9todos de investigaci\u00f3n cualitativa y cuantitativa, epistemolog\u00eda, y amplia experiencia en investigaci\u00f3n de educaci\u00f3n superior. Apasionada por la divulgaci\u00f3n cient\u00edfica y los medios audiovisuales. Defensora de enfoques interdisciplinarios y transdisciplinarios para la creaci\u00f3n de conocimiento y la resoluci\u00f3n de problemas. Analista de Alineaci\u00f3n de Socios Constanza Mena Constanza Mena es titulada de Biolog\u00eda Marina con licenciatura en Ciencias del Mar y especializaci\u00f3n en Conservaci\u00f3n y Manejo de Ecosistemas Marinos de la Universidad Cat\u00f3lica del Norte, Chile. Su trayectoria combina el enfoque cient\u00edfico con el compromiso por la acci\u00f3n clim\u00e1tica, la conservaci\u00f3n y la adaptaci\u00f3n de ambientes marinos debido al cambio clim\u00e1tico. Oficial de Datos Francis Mason Francis Mason es un practicante regenerativo y cient\u00edfico social con una maestr\u00eda en Sociolog\u00eda por la Universidad Alberto Hurtado en Chile, donde tambi\u00e9n obtuvo su licenciatura en Sociolog\u00eda. Adem\u00e1s, ha realizado estudios de posgrado en Estudios Chinos en la Universidad de Chile y ha recibido formaci\u00f3n como Dise\u00f1ador en Permacultura de El Manzano en Chile. Oficial de Datos Carla Lanyon Carla Lanyon es Ingeniera en Recursos Naturales Renovables de la Universidad de Chile, con especializaci\u00f3n en resiliencia y sistemas socioecol\u00f3gicos adquirida en el Stockholm Resilience Centre de la Universidad de Estocolmo. Actualmente, se desempe\u00f1a como investigadora en el Centro de Energ\u00eda de la Universidad de Chile y colabora con L\u00ednea Ciudades del Centro de Ciencia del Clima y la Resiliencia (CR2) y el N\u00facleo de Estudios Sist\u00e9micos Transdisciplinarios (NEST-R3). Carla posee una s\u00f3lida trayectoria en enfoques inter y transdisciplinarios orientados a la transici\u00f3n energ\u00e9tica, la biodiversidad y el cambio clim\u00e1tico. Su experiencia incluye el uso de metodolog\u00edas participativas y cualitativas, trabajando de manera directa con comunidades ind\u00edgenas y rurales, as\u00ed como con organismos estatales y privados. Sus principales \u00e1reas de inter\u00e9s abarcan la justicia clim\u00e1tica, transici\u00f3n energ\u00e9tica justa, transformaciones socioecol\u00f3gicas, la perspectiva de g\u00e9nero y la coproducci\u00f3n de conocimiento. Panel Asesor Estrat\u00e9gico CR2 Directora del CR2 Pilar Moraga Profesora titular de la Facultad de Derecho de la Universidad de Chile. Es abogada de la misma casa de estudios, mag\u00edster y doctora en Derecho de la Universidad de Lille 2, Francia. Actualmente es Directora del Centro de Ciencia del Clima y la Resiliencia CR2 y del Centro de Derecho Ambiental; adem\u00e1s es investigadora asociada del Centro de<\/p>\n","protected":false},"author":2,"featured_media":0,"parent":0,"menu_order":0,"comment_status":"closed","ping_status":"closed","template":"elementor_canvas","meta":{"footnotes":""},"class_list":["post-439","page","type-page","status-publish","hentry"],"_links":{"self":[{"href":"https:\/\/race.cr2.cl\/index.php?rest_route=\/wp\/v2\/pages\/439","targetHints":{"allow":["GET"]}}],"collection":[{"href":"https:\/\/race.cr2.cl\/index.php?rest_route=\/wp\/v2\/pages"}],"about":[{"href":"https:\/\/race.cr2.cl\/index.php?rest_route=\/wp\/v2\/types\/page"}],"author":[{"embeddable":true,"href":"https:\/\/race.cr2.cl\/index.php?rest_route=\/wp\/v2\/users\/2"}],"replies":[{"embeddable":true,"href":"https:\/\/race.cr2.cl\/index.php?rest_route=%2Fwp%2Fv2%2Fcomments&post=439"}],"version-history":[{"count":186,"href":"https:\/\/race.cr2.cl\/index.php?rest_route=\/wp\/v2\/pages\/439\/revisions"}],"predecessor-version":[{"id":992,"href":"https:\/\/race.cr2.cl\/index.php?rest_route=\/wp\/v2\/pages\/439\/revisions\/992"}],"wp:attachment":[{"href":"https:\/\/race.cr2.cl\/index.php?rest_route=%2Fwp%2Fv2%2Fmedia&parent=439"}],"curies":[{"name":"wp","href":"https:\/\/api.w.org\/{rel}","templated":true}]}}